{"id":5653,"date":"2024-05-30T18:16:06","date_gmt":"2024-05-30T16:16:06","guid":{"rendered":"https:\/\/arguis.monrepos.es\/la-reunion-dhiver-darguis\/"},"modified":"2024-12-18T17:32:17","modified_gmt":"2024-12-18T16:32:17","slug":"la-reunion-dhiver-darguis","status":"publish","type":"page","link":"https:\/\/arguis.monrepos.es\/fr\/la-reunion-dhiver-darguis\/","title":{"rendered":"La r\u00e9union d&rsquo;hiver d&rsquo;Arguis"},"content":{"rendered":"\t\t<div data-elementor-type=\"wp-page\" data-elementor-id=\"5653\" class=\"elementor elementor-5653\" data-elementor-post-type=\"page\">\n\t\t\t\t<div class=\"elementor-element elementor-element-af9412d e-con-full e-flex e-con e-parent\" data-id=\"af9412d\" data-element_type=\"container\" data-settings=\"{&quot;background_background&quot;:&quot;classic&quot;,&quot;shape_divider_bottom&quot;:&quot;tilt&quot;}\">\n\t\t\t\t<div class=\"elementor-shape elementor-shape-bottom\" aria-hidden=\"true\" data-negative=\"false\">\n\t\t\t<svg xmlns=\"http:\/\/www.w3.org\/2000\/svg\" viewBox=\"0 0 1000 100\" preserveAspectRatio=\"none\">\n\t<path class=\"elementor-shape-fill\" d=\"M0,6V0h1000v100L0,6z\"\/>\n<\/svg>\t\t<\/div>\n\t\t<div class=\"elementor-element elementor-element-6d39f74 e-con-full e-flex e-con e-child\" data-id=\"6d39f74\" data-element_type=\"container\">\n\t\t\t\t<div class=\"elementor-element elementor-element-262f85b elementor-widget elementor-widget-heading\" data-id=\"262f85b\" data-element_type=\"widget\" data-widget_type=\"heading.default\">\n\t\t\t\t<div class=\"elementor-widget-container\">\n\t\t\t\t\t<h1 class=\"elementor-heading-title elementor-size-default\">R\u00e9union d'hiver d'Arguis<\/h1>\t\t\t\t<\/div>\n\t\t\t\t<\/div>\n\t\t\t\t<div class=\"elementor-element elementor-element-10cf177 elementor-widget elementor-widget-heading\" data-id=\"10cf177\" data-element_type=\"widget\" data-widget_type=\"heading.default\">\n\t\t\t\t<div class=\"elementor-widget-container\">\n\t\t\t\t\t<h6 class=\"elementor-heading-title elementor-size-default\">  LA PLUS ANCIENNE R\u00c9UNION DE MOTOCYCLISTES EN ESPAGNE<\/h6>\t\t\t\t<\/div>\n\t\t\t\t<\/div>\n\t\t\t\t<\/div>\n\t\t\t\t<\/div>\n\t\t<div class=\"elementor-element elementor-element-12ba43c e-con-full e-flex e-con e-parent\" data-id=\"12ba43c\" data-element_type=\"container\" data-settings=\"{&quot;background_background&quot;:&quot;classic&quot;}\">\n\t\t<div class=\"elementor-element elementor-element-de36b5d e-con-full e-flex e-con e-child\" data-id=\"de36b5d\" data-element_type=\"container\">\n\t\t\t\t<div class=\"elementor-element elementor-element-82e38a9 elementor-widget elementor-widget-image\" data-id=\"82e38a9\" data-element_type=\"widget\" data-widget_type=\"image.default\">\n\t\t\t\t<div class=\"elementor-widget-container\">\n\t\t\t\t\t\t\t\t\t\t\t\t\t\t\t<img fetchpriority=\"high\" decoding=\"async\" width=\"1024\" height=\"1024\" src=\"https:\/\/arguis.monrepos.es\/wp-content\/uploads\/2024\/10\/72970853_1929614963850448_7604602582434054144_n-1024x1024.jpg\" class=\"attachment-large size-large wp-image-4235\" alt=\"\" srcset=\"https:\/\/arguis.monrepos.es\/wp-content\/uploads\/2024\/10\/72970853_1929614963850448_7604602582434054144_n-1024x1024.jpg 1024w, https:\/\/arguis.monrepos.es\/wp-content\/uploads\/2024\/10\/72970853_1929614963850448_7604602582434054144_n-300x300.jpg 300w, https:\/\/arguis.monrepos.es\/wp-content\/uploads\/2024\/10\/72970853_1929614963850448_7604602582434054144_n-150x150.jpg 150w, https:\/\/arguis.monrepos.es\/wp-content\/uploads\/2024\/10\/72970853_1929614963850448_7604602582434054144_n-768x768.jpg 768w, https:\/\/arguis.monrepos.es\/wp-content\/uploads\/2024\/10\/72970853_1929614963850448_7604602582434054144_n-600x600.jpg 600w, https:\/\/arguis.monrepos.es\/wp-content\/uploads\/2024\/10\/72970853_1929614963850448_7604602582434054144_n-100x100.jpg 100w, https:\/\/arguis.monrepos.es\/wp-content\/uploads\/2024\/10\/72970853_1929614963850448_7604602582434054144_n.jpg 1530w\" sizes=\"(max-width: 1024px) 100vw, 1024px\" \/>\t\t\t\t\t\t\t\t\t\t\t\t\t\t\t<\/div>\n\t\t\t\t<\/div>\n\t\t\t\t<\/div>\n\t\t<div class=\"elementor-element elementor-element-ab1ec1e e-con-full e-flex e-con e-child\" data-id=\"ab1ec1e\" data-element_type=\"container\">\n\t\t\t\t<div class=\"elementor-element elementor-element-0be6244 elementor-widget elementor-widget-icon-box\" data-id=\"0be6244\" data-element_type=\"widget\" data-widget_type=\"icon-box.default\">\n\t\t\t\t<div class=\"elementor-widget-container\">\n\t\t\t\t\t\t\t<div class=\"elementor-icon-box-wrapper\">\n\n\t\t\t\n\t\t\t\t\t\t<div class=\"elementor-icon-box-content\">\n\n\t\t\t\t\t\t\t\t\t<h4 class=\"elementor-icon-box-title\">\n\t\t\t\t\t\t<span  >\n\t\t\t\t\t\t\tUne r\u00e9union d'un genre tr\u00e8s diff\u00e9rent\t\t\t\t\t\t<\/span>\n\t\t\t\t\t<\/h4>\n\t\t\t\t\n\t\t\t\t\n\t\t\t<\/div>\n\t\t\t\n\t\t<\/div>\n\t\t\t\t\t\t<\/div>\n\t\t\t\t<\/div>\n\t\t\t\t<div class=\"elementor-element elementor-element-53d1045 elementor-widget elementor-widget-text-editor\" data-id=\"53d1045\" data-element_type=\"widget\" data-widget_type=\"text-editor.default\">\n\t\t\t\t<div class=\"elementor-widget-container\">\n\t\t\t\t\t\t\t\t\t<p><strong>Le meeting d&rsquo;hiver d&rsquo;Arguis<\/strong> est marqu\u00e9 par diverses traditions et symboles qui ont accompagn\u00e9 le motocyclisme europ\u00e9en. Ce n&rsquo;est pas pour rien que la premi\u00e8re \u00e9dition du meeting, qui s&rsquo;est tenue en 1974, a \u00e9t\u00e9 rendue possible apr\u00e8s une longue et fructueuse relation entre le motocyclisme et le village d&rsquo;Arguis, qui comprenait des rallyes, des essais, des courses de c\u00f4te et m\u00eame un h\u00e9bergement exclusif pour les motocyclistes. <\/p>\n\t\t\t\t\t\t\t\t<\/div>\n\t\t\t\t<\/div>\n\t\t\t\t<\/div>\n\t\t\t\t<\/div>\n\t\t<div class=\"elementor-element elementor-element-1671d74 e-con-full e-flex e-con e-parent\" data-id=\"1671d74\" data-element_type=\"container\" data-settings=\"{&quot;background_background&quot;:&quot;classic&quot;}\">\n\t\t<div class=\"elementor-element elementor-element-160d79e e-con-full e-flex e-con e-child\" data-id=\"160d79e\" data-element_type=\"container\">\n\t\t\t\t<div class=\"elementor-element elementor-element-d1d07fa elementor-widget elementor-widget-image\" data-id=\"d1d07fa\" data-element_type=\"widget\" data-widget_type=\"image.default\">\n\t\t\t\t<div class=\"elementor-widget-container\">\n\t\t\t\t\t\t\t\t\t\t\t\t\t\t\t<img decoding=\"async\" width=\"1024\" height=\"645\" src=\"https:\/\/arguis.monrepos.es\/wp-content\/uploads\/2024\/10\/412729664_661008932850142_5823582887074433490_n-1024x645.jpg\" class=\"attachment-large size-large wp-image-4241\" alt=\"\" srcset=\"https:\/\/arguis.monrepos.es\/wp-content\/uploads\/2024\/10\/412729664_661008932850142_5823582887074433490_n-1024x645.jpg 1024w, https:\/\/arguis.monrepos.es\/wp-content\/uploads\/2024\/10\/412729664_661008932850142_5823582887074433490_n-300x189.jpg 300w, https:\/\/arguis.monrepos.es\/wp-content\/uploads\/2024\/10\/412729664_661008932850142_5823582887074433490_n-768x484.jpg 768w, https:\/\/arguis.monrepos.es\/wp-content\/uploads\/2024\/10\/412729664_661008932850142_5823582887074433490_n-1536x968.jpg 1536w, https:\/\/arguis.monrepos.es\/wp-content\/uploads\/2024\/10\/412729664_661008932850142_5823582887074433490_n-600x378.jpg 600w, https:\/\/arguis.monrepos.es\/wp-content\/uploads\/2024\/10\/412729664_661008932850142_5823582887074433490_n.jpg 2048w\" sizes=\"(max-width: 1024px) 100vw, 1024px\" \/>\t\t\t\t\t\t\t\t\t\t\t\t\t\t\t<\/div>\n\t\t\t\t<\/div>\n\t\t\t\t<\/div>\n\t\t<div class=\"elementor-element elementor-element-6cbd655 e-con-full e-flex e-con e-child\" data-id=\"6cbd655\" data-element_type=\"container\">\n\t\t\t\t<div class=\"elementor-element elementor-element-cef3a13 elementor-widget elementor-widget-text-editor\" data-id=\"cef3a13\" data-element_type=\"widget\" data-widget_type=\"text-editor.default\">\n\t\t\t\t<div class=\"elementor-widget-container\">\n\t\t\t\t\t\t\t\t\t<h6>M\u00e9daille de la r\u00e9union<\/h6>  La m\u00e9daille de la rencontre indique l&rsquo;esprit de la F\u00eate de l&rsquo;hiver en pictogrammes et est la m\u00eame pour chaque ann\u00e9e, bien qu&rsquo;elle puisse \u00eatre mise \u00e0 jour de temps \u00e0 autre. La m\u00e9daille est perfor\u00e9e de sorte qu&rsquo;un badge \u00ab\u00a0milli\u00e8me\u00a0\u00bb avec l&rsquo;ann\u00e9e de l&rsquo;\u00e9dition peut \u00eatre ajout\u00e9 chaque ann\u00e9e. La m\u00e9daille peut \u00eatre achet\u00e9e le jour de la r\u00e9union pour seulement 4 euros. Elle est fabriqu\u00e9e \u00ab\u00a0\u00e0 l&rsquo;ancienne\u00a0\u00bb, en fonte, plaqu\u00e9e, vieillie et \u00e9maill\u00e9e.   \t\t\t\t\t\t\t\t<\/div>\n\t\t\t\t<\/div>\n\t\t\t\t<\/div>\n\t\t\t\t<\/div>\n\t\t<div class=\"elementor-element elementor-element-4e15f5d e-con-full e-flex e-con e-parent\" data-id=\"4e15f5d\" data-element_type=\"container\" data-settings=\"{&quot;background_background&quot;:&quot;classic&quot;}\">\n\t\t<div class=\"elementor-element elementor-element-582ab35 e-con-full e-flex e-con e-child\" data-id=\"582ab35\" data-element_type=\"container\">\n\t\t\t\t<div class=\"elementor-element elementor-element-146ef20 elementor-widget elementor-widget-image\" data-id=\"146ef20\" data-element_type=\"widget\" data-widget_type=\"image.default\">\n\t\t\t\t<div class=\"elementor-widget-container\">\n\t\t\t\t\t\t\t\t\t\t\t\t\t\t\t<img decoding=\"async\" width=\"1024\" height=\"654\" src=\"https:\/\/arguis.monrepos.es\/wp-content\/uploads\/2024\/10\/412699871_661011672849868_6816614644321184176_n-1024x654.jpg\" class=\"attachment-large size-large wp-image-4234\" alt=\"\" srcset=\"https:\/\/arguis.monrepos.es\/wp-content\/uploads\/2024\/10\/412699871_661011672849868_6816614644321184176_n-1024x654.jpg 1024w, https:\/\/arguis.monrepos.es\/wp-content\/uploads\/2024\/10\/412699871_661011672849868_6816614644321184176_n-300x192.jpg 300w, https:\/\/arguis.monrepos.es\/wp-content\/uploads\/2024\/10\/412699871_661011672849868_6816614644321184176_n-768x491.jpg 768w, https:\/\/arguis.monrepos.es\/wp-content\/uploads\/2024\/10\/412699871_661011672849868_6816614644321184176_n-1536x981.jpg 1536w, https:\/\/arguis.monrepos.es\/wp-content\/uploads\/2024\/10\/412699871_661011672849868_6816614644321184176_n-600x383.jpg 600w, https:\/\/arguis.monrepos.es\/wp-content\/uploads\/2024\/10\/412699871_661011672849868_6816614644321184176_n.jpg 2048w\" sizes=\"(max-width: 1024px) 100vw, 1024px\" \/>\t\t\t\t\t\t\t\t\t\t\t\t\t\t\t<\/div>\n\t\t\t\t<\/div>\n\t\t\t\t<\/div>\n\t\t<div class=\"elementor-element elementor-element-52c7123 e-con-full e-flex e-con e-child\" data-id=\"52c7123\" data-element_type=\"container\">\n\t\t\t\t<div class=\"elementor-element elementor-element-5de9ab6 elementor-widget elementor-widget-text-editor\" data-id=\"5de9ab6\" data-element_type=\"widget\" data-widget_type=\"text-editor.default\">\n\t\t\t\t<div class=\"elementor-widget-container\">\n\t\t\t\t\t\t\t\t\t<h6>Premi\u00e8re \u00e9dition M\u00e9daille<\/h6>\n<p>La r\u00e9plique en fac-simil\u00e9 de la premi\u00e8re m\u00e9daille du meeting d&rsquo;hiver d&rsquo;Arguis est remise avec le droit d&rsquo;inscription normal et sans frais suppl\u00e9mentaires aux personnes qui participent au meeting sur des motos \u00e0 quatre temps immatricul\u00e9es avant le 1er janvier 1986 ou aux personnes qui participent sur des motos ou des cyclomoteurs \u00e9quip\u00e9s d&rsquo;un moteur \u00e0 deux temps, quel que soit leur \u00e2ge.<\/p>\n\t\t\t\t\t\t\t\t<\/div>\n\t\t\t\t<\/div>\n\t\t\t\t<\/div>\n\t\t\t\t<\/div>\n\t\t<div class=\"elementor-element elementor-element-473efa5 e-con-full e-flex e-con e-parent\" data-id=\"473efa5\" data-element_type=\"container\" data-settings=\"{&quot;background_background&quot;:&quot;classic&quot;}\">\n\t\t<div class=\"elementor-element elementor-element-0c04794 e-con-full e-flex e-con e-child\" data-id=\"0c04794\" data-element_type=\"container\">\n\t\t\t\t<div class=\"elementor-element elementor-element-e3ca8f5 elementor-widget elementor-widget-image\" data-id=\"e3ca8f5\" data-element_type=\"widget\" data-widget_type=\"image.default\">\n\t\t\t\t<div class=\"elementor-widget-container\">\n\t\t\t\t\t\t\t\t\t\t\t\t\t\t\t<img loading=\"lazy\" decoding=\"async\" width=\"600\" height=\"800\" src=\"https:\/\/arguis.monrepos.es\/wp-content\/uploads\/2024\/10\/pc220142.jpg\" class=\"attachment-large size-large wp-image-3989\" alt=\"\" srcset=\"https:\/\/arguis.monrepos.es\/wp-content\/uploads\/2024\/10\/pc220142.jpg 600w, https:\/\/arguis.monrepos.es\/wp-content\/uploads\/2024\/10\/pc220142-225x300.jpg 225w\" sizes=\"(max-width: 600px) 100vw, 600px\" \/>\t\t\t\t\t\t\t\t\t\t\t\t\t\t\t<\/div>\n\t\t\t\t<\/div>\n\t\t\t\t<\/div>\n\t\t<div class=\"elementor-element elementor-element-ec32c60 e-con-full e-flex e-con e-child\" data-id=\"ec32c60\" data-element_type=\"container\">\n\t\t\t\t<div class=\"elementor-element elementor-element-c6885b2 elementor-widget elementor-widget-text-editor\" data-id=\"c6885b2\" data-element_type=\"widget\" data-widget_type=\"text-editor.default\">\n\t\t\t\t<div class=\"elementor-widget-container\">\n\t\t\t\t\t\t\t\t\t<h6>Traditions<\/h6>\n<p>Nombreux sont ceux qui, une fois par an, d\u00e9poussi\u00e8rent leur vieux <strong>Barbour cir\u00e9<\/strong>, d\u00e9marrent leur vieille moto ou leur side-car et viennent \u00e0 la r\u00e9union.<\/p>\n<p>Nombreux sont ceux qui conservent la premi\u00e8re moto qu&rsquo;ils ont conduite \u00e0 Arguis, ou une moto similaire, \u00e0 l&rsquo;\u00e9poque o\u00f9 Sanglas, Bultacos, Montesas, Ossa, Vespas, Ducati Mototrans, Laverdas, BMW, Moto Guzzis et peu d&rsquo;autres choses peuplaient leurs aires de camping. Le voyage \u00e0 Arguis est une<strong>r\u00e9union avec soi-m\u00eame,<\/strong> un genre de moment qui invite \u00e0 la r\u00e9flexion. Pour certains, c&rsquo;est le rituel d&rsquo;enfiler \u00e0 nouveau le Barbour, de d\u00e9marrer la vieille moto et de partir pour une sorte de <strong>voyage initiatique vers les raisons de notre hobby<\/strong>, vers ses racines, vers son essence.   <\/p>\n\t\t\t\t\t\t\t\t<\/div>\n\t\t\t\t<\/div>\n\t\t\t\t<\/div>\n\t\t\t\t<\/div>\n\t\t<div class=\"elementor-element elementor-element-33be92e e-con-full e-flex e-con e-parent\" data-id=\"33be92e\" data-element_type=\"container\" data-settings=\"{&quot;background_background&quot;:&quot;classic&quot;}\">\n\t\t<div class=\"elementor-element elementor-element-4b8daaa e-con-full e-flex e-con e-child\" data-id=\"4b8daaa\" data-element_type=\"container\">\n\t\t\t\t<div class=\"elementor-element elementor-element-913b8bd elementor-widget elementor-widget-image\" data-id=\"913b8bd\" data-element_type=\"widget\" data-widget_type=\"image.default\">\n\t\t\t\t<div class=\"elementor-widget-container\">\n\t\t\t\t\t\t\t\t\t\t\t\t\t\t\t<img loading=\"lazy\" decoding=\"async\" width=\"1024\" height=\"610\" src=\"https:\/\/arguis.monrepos.es\/wp-content\/uploads\/2024\/10\/412807459_661016222849413_1546986329880015572_n-1024x610.jpg\" class=\"attachment-large size-large wp-image-4588\" alt=\"\" srcset=\"https:\/\/arguis.monrepos.es\/wp-content\/uploads\/2024\/10\/412807459_661016222849413_1546986329880015572_n-1024x610.jpg 1024w, https:\/\/arguis.monrepos.es\/wp-content\/uploads\/2024\/10\/412807459_661016222849413_1546986329880015572_n-300x179.jpg 300w, https:\/\/arguis.monrepos.es\/wp-content\/uploads\/2024\/10\/412807459_661016222849413_1546986329880015572_n-768x457.jpg 768w, https:\/\/arguis.monrepos.es\/wp-content\/uploads\/2024\/10\/412807459_661016222849413_1546986329880015572_n-1536x914.jpg 1536w, https:\/\/arguis.monrepos.es\/wp-content\/uploads\/2024\/10\/412807459_661016222849413_1546986329880015572_n-600x357.jpg 600w, https:\/\/arguis.monrepos.es\/wp-content\/uploads\/2024\/10\/412807459_661016222849413_1546986329880015572_n.jpg 2048w\" sizes=\"(max-width: 1024px) 100vw, 1024px\" \/>\t\t\t\t\t\t\t\t\t\t\t\t\t\t\t<\/div>\n\t\t\t\t<\/div>\n\t\t\t\t<\/div>\n\t\t<div class=\"elementor-element elementor-element-f293bc5 e-con-full e-flex e-con e-child\" data-id=\"f293bc5\" data-element_type=\"container\">\n\t\t\t\t<div class=\"elementor-element elementor-element-2e38949 elementor-widget elementor-widget-text-editor\" data-id=\"2e38949\" data-element_type=\"widget\" data-widget_type=\"text-editor.default\">\n\t\t\t\t<div class=\"elementor-widget-container\">\n\t\t\t\t\t\t\t\t\t<p>Que ce soit votre premier Arguis ou que vous y soyez depuis 30 ans, la magie d&rsquo;Arguis est quelque chose de difficile \u00e0 expliquer, mais unanimement partag\u00e9e par les dizaines de milliers de personnes qui sont pass\u00e9es par le feu d&rsquo;Arguis en 40 ans.<br \/>La <strong>magie d&rsquo;Arguis<\/strong> est quelque chose de difficile \u00e0 expliquer, mais unanimement partag\u00e9e par les dizaines de milliers de personnes qui sont pass\u00e9es par le b\u00fbcher d&rsquo;Arguis en 40 ans. Il y a certaines traditions qui sont tr\u00e8s pr\u00e9sentes au rendez-vous, et c&rsquo;est toujours beau de les maintenir ann\u00e9e apr\u00e8s ann\u00e9e, g\u00e9n\u00e9ration apr\u00e8s g\u00e9n\u00e9ration, comme un t\u00e9moin immat\u00e9riel que se transmettent les diff\u00e9rentes g\u00e9n\u00e9rations de motards. <\/p>\n\t\t\t\t\t\t\t\t<\/div>\n\t\t\t\t<\/div>\n\t\t\t\t<\/div>\n\t\t\t\t<\/div>\n\t\t<div class=\"elementor-element elementor-element-3be884e e-con-full e-flex e-con e-parent\" data-id=\"3be884e\" data-element_type=\"container\" data-settings=\"{&quot;background_background&quot;:&quot;classic&quot;}\">\n\t\t<div class=\"elementor-element elementor-element-4eae632 e-con-full e-flex e-con e-child\" data-id=\"4eae632\" data-element_type=\"container\">\n\t\t\t\t<div class=\"elementor-element elementor-element-8af06df elementor-widget elementor-widget-image\" data-id=\"8af06df\" data-element_type=\"widget\" data-widget_type=\"image.default\">\n\t\t\t\t<div class=\"elementor-widget-container\">\n\t\t\t\t\t\t\t\t\t\t\t\t\t\t\t<img loading=\"lazy\" decoding=\"async\" width=\"1024\" height=\"683\" src=\"https:\/\/arguis.monrepos.es\/wp-content\/uploads\/2024\/10\/263314534_2739442702867666_1493127514560785291_n-1024x683.jpg\" class=\"attachment-large size-large wp-image-4233\" alt=\"\" srcset=\"https:\/\/arguis.monrepos.es\/wp-content\/uploads\/2024\/10\/263314534_2739442702867666_1493127514560785291_n-1024x683.jpg 1024w, https:\/\/arguis.monrepos.es\/wp-content\/uploads\/2024\/10\/263314534_2739442702867666_1493127514560785291_n-300x200.jpg 300w, https:\/\/arguis.monrepos.es\/wp-content\/uploads\/2024\/10\/263314534_2739442702867666_1493127514560785291_n-768x512.jpg 768w, https:\/\/arguis.monrepos.es\/wp-content\/uploads\/2024\/10\/263314534_2739442702867666_1493127514560785291_n-1536x1024.jpg 1536w, https:\/\/arguis.monrepos.es\/wp-content\/uploads\/2024\/10\/263314534_2739442702867666_1493127514560785291_n-600x400.jpg 600w, https:\/\/arguis.monrepos.es\/wp-content\/uploads\/2024\/10\/263314534_2739442702867666_1493127514560785291_n.jpg 1944w\" sizes=\"(max-width: 1024px) 100vw, 1024px\" \/>\t\t\t\t\t\t\t\t\t\t\t\t\t\t\t<\/div>\n\t\t\t\t<\/div>\n\t\t\t\t<\/div>\n\t\t<div class=\"elementor-element elementor-element-eb9e6c5 e-con-full e-flex e-con e-child\" data-id=\"eb9e6c5\" data-element_type=\"container\">\n\t\t\t\t<div class=\"elementor-element elementor-element-97ac07e elementor-widget elementor-widget-text-editor\" data-id=\"97ac07e\" data-element_type=\"widget\" data-widget_type=\"text-editor.default\">\n\t\t\t\t<div class=\"elementor-widget-container\">\n\t\t\t\t\t\t\t\t\t<h6>Jouer au Monrep\u00f3s<\/h6>\n<p>Il a toujours \u00e9t\u00e9 de tradition de faire l&rsquo;ascension mythique du col de Monrep\u00f3s lorsque l&rsquo;ancienne route \u00e9tait en service. Lorsque la nouvelle route a \u00e9t\u00e9 inaugur\u00e9e, l&rsquo;ancienne route a \u00e9t\u00e9 interrompue en trois points. La tradition \u00e9tait donc de monter jusqu&rsquo;au tunnel de Manzanera et de prendre une photo, comme si l&rsquo;on r\u00eavait de profiter \u00e0 nouveau de l&rsquo;ensemble de l&rsquo;itin\u00e9raire. Le tunnel est une l\u00e9gende des routes pyr\u00e9n\u00e9ennes et un symbole de l&rsquo;ancienne route du col. Son embouchure nord a \u00e9t\u00e9 une halte r\u00e9guli\u00e8re pour les motocyclistes pendant des d\u00e9cennies. Son obscurit\u00e9 profonde accentue encore sa l\u00e9gende. L&rsquo;acc\u00e8s peut \u00eatre tr\u00e8s difficile par mauvais temps.     <\/p>\n\t\t\t\t\t\t\t\t<\/div>\n\t\t\t\t<\/div>\n\t\t\t\t<\/div>\n\t\t\t\t<\/div>\n\t\t<div class=\"elementor-element elementor-element-b01a899 e-con-full e-flex e-con e-parent\" data-id=\"b01a899\" data-element_type=\"container\" data-settings=\"{&quot;background_background&quot;:&quot;classic&quot;}\">\n\t\t<div class=\"elementor-element elementor-element-10e653a e-con-full e-flex e-con e-child\" data-id=\"10e653a\" data-element_type=\"container\">\n\t\t\t\t<div class=\"elementor-element elementor-element-3bf8033 elementor-widget elementor-widget-image\" data-id=\"3bf8033\" data-element_type=\"widget\" data-widget_type=\"image.default\">\n\t\t\t\t<div class=\"elementor-widget-container\">\n\t\t\t\t\t\t\t\t\t\t\t\t\t\t\t<img loading=\"lazy\" decoding=\"async\" width=\"1024\" height=\"683\" src=\"https:\/\/arguis.monrepos.es\/wp-content\/uploads\/2024\/10\/arguis20206-1200x800-1-1024x683.jpg\" class=\"attachment-large size-large wp-image-4236\" alt=\"\" srcset=\"https:\/\/arguis.monrepos.es\/wp-content\/uploads\/2024\/10\/arguis20206-1200x800-1-1024x683.jpg 1024w, https:\/\/arguis.monrepos.es\/wp-content\/uploads\/2024\/10\/arguis20206-1200x800-1-300x200.jpg 300w, https:\/\/arguis.monrepos.es\/wp-content\/uploads\/2024\/10\/arguis20206-1200x800-1-768x512.jpg 768w, https:\/\/arguis.monrepos.es\/wp-content\/uploads\/2024\/10\/arguis20206-1200x800-1-600x400.jpg 600w, https:\/\/arguis.monrepos.es\/wp-content\/uploads\/2024\/10\/arguis20206-1200x800-1.jpg 1200w\" sizes=\"(max-width: 1024px) 100vw, 1024px\" \/>\t\t\t\t\t\t\t\t\t\t\t\t\t\t\t<\/div>\n\t\t\t\t<\/div>\n\t\t\t\t<\/div>\n\t\t<div class=\"elementor-element elementor-element-e968d78 e-con-full e-flex e-con e-child\" data-id=\"e968d78\" data-element_type=\"container\">\n\t\t\t\t<div class=\"elementor-element elementor-element-a0704ce elementor-widget elementor-widget-text-editor\" data-id=\"a0704ce\" data-element_type=\"widget\" data-widget_type=\"text-editor.default\">\n\t\t\t\t<div class=\"elementor-widget-container\">\n\t\t\t\t\t\t\t\t\t<p>Actuellement, les travaux de transformation de l&rsquo;actuelle N-330 en route \u00e0 deux voies redonnent, bien que lentement, la splendeur d&rsquo;antan aux tron\u00e7ons de l&rsquo;ancienne route, qui restera une route de service. Cette ann\u00e9e, les premiers kilom\u00e8tres de l&rsquo;ancienne route de Nueno \u00e0 Arguis \u00e0 travers le Congosto del Isuela, avec ses nombreux tunnels, pourront \u00eatre appr\u00e9ci\u00e9s. <\/p>\n\t\t\t\t\t\t\t\t<\/div>\n\t\t\t\t<\/div>\n\t\t\t\t<\/div>\n\t\t\t\t<\/div>\n\t\t<div class=\"elementor-element elementor-element-2db5ab4 e-con-full e-flex e-con e-parent\" data-id=\"2db5ab4\" data-element_type=\"container\" data-settings=\"{&quot;background_background&quot;:&quot;classic&quot;}\">\n\t\t<div class=\"elementor-element elementor-element-575b33c e-con-full e-flex e-con e-child\" data-id=\"575b33c\" data-element_type=\"container\">\n\t\t\t\t<div class=\"elementor-element elementor-element-f3c9311 elementor-widget elementor-widget-image\" data-id=\"f3c9311\" data-element_type=\"widget\" data-widget_type=\"image.default\">\n\t\t\t\t<div class=\"elementor-widget-container\">\n\t\t\t\t\t\t\t\t\t\t\t\t\t\t\t<img loading=\"lazy\" decoding=\"async\" width=\"685\" height=\"1024\" src=\"https:\/\/arguis.monrepos.es\/wp-content\/uploads\/2024\/10\/48416897_1657232421088705_540942485162033152_n-685x1024.jpg\" class=\"attachment-large size-large wp-image-4231\" alt=\"\" srcset=\"https:\/\/arguis.monrepos.es\/wp-content\/uploads\/2024\/10\/48416897_1657232421088705_540942485162033152_n-685x1024.jpg 685w, https:\/\/arguis.monrepos.es\/wp-content\/uploads\/2024\/10\/48416897_1657232421088705_540942485162033152_n-201x300.jpg 201w, https:\/\/arguis.monrepos.es\/wp-content\/uploads\/2024\/10\/48416897_1657232421088705_540942485162033152_n-768x1147.jpg 768w, https:\/\/arguis.monrepos.es\/wp-content\/uploads\/2024\/10\/48416897_1657232421088705_540942485162033152_n-1028x1536.jpg 1028w, https:\/\/arguis.monrepos.es\/wp-content\/uploads\/2024\/10\/48416897_1657232421088705_540942485162033152_n-600x896.jpg 600w, https:\/\/arguis.monrepos.es\/wp-content\/uploads\/2024\/10\/48416897_1657232421088705_540942485162033152_n.jpg 1296w\" sizes=\"(max-width: 685px) 100vw, 685px\" \/>\t\t\t\t\t\t\t\t\t\t\t\t\t\t\t<\/div>\n\t\t\t\t<\/div>\n\t\t\t\t<\/div>\n\t\t<div class=\"elementor-element elementor-element-d64ad6e e-con-full e-flex e-con e-child\" data-id=\"d64ad6e\" data-element_type=\"container\">\n\t\t\t\t<div class=\"elementor-element elementor-element-e200fd8 elementor-widget elementor-widget-text-editor\" data-id=\"e200fd8\" data-element_type=\"widget\" data-widget_type=\"text-editor.default\">\n\t\t\t\t<div class=\"elementor-widget-container\">\n\t\t\t\t\t\t\t\t\t<h6>Participer avec une moto classique, vintage ou un side-car<\/h6>\n<p>L&rsquo;Arguis est un <strong>voyage essentiel vers les origines de notre hobby<\/strong>. C&rsquo;est pourquoi de nombreuses personnes y participent sur des motos anciennes et classiques. Certains reviennent \u00e0 la r\u00e9union avec la premi\u00e8re moto \u00e0 laquelle ils ont particip\u00e9 ou avec une moto similaire. D&rsquo;autres, amateurs du monde classique, profitent de l&rsquo;occasion pour la sortir du garage et assister \u00e0 un meeting qui, par son format, son esprit et son ambiance, s&rsquo;y pr\u00eate. On note \u00e9galement une pr\u00e9sence notable de participants en Vespas, qu&rsquo;elles soient modernes ou anciennes.    <\/p>\n<p>Le r\u00e9sultat est un merveilleux m\u00e9lange de vieilles tentes canadiennes et d&rsquo;igloos modernes, et de BMW GS, Suzuki Vstrom, Triumph Tiger, Kawasaki Z750, Yamaha Fazer et Honda CBF avec des side-cars Ural dans la m\u00eame zone de camping, BMW et <strong>MZ,<\/strong> <strong>Bultaco Mercurio, Ossa 250, Montesa Impala, Benelli Sei, BSA B33, Vespa ou Lambretta<\/strong> et m\u00eame les modestes Puch Cobra ou TZR 80, pour ne citer que quelques exemples courants, prouvant que <strong>la technologie \u00e9volue, mais que l&rsquo;esprit demeure<\/strong>.<\/p>\n<p>Il est \u00e9galement courant de trouver des cyclomoteurs, avec lesquels les nouvelles g\u00e9n\u00e9rations viennent \u00e0 la rencontre.<\/p>\n\t\t\t\t\t\t\t\t<\/div>\n\t\t\t\t<\/div>\n\t\t\t\t<\/div>\n\t\t\t\t<\/div>\n\t\t<div class=\"elementor-element elementor-element-d5ca732 e-con-full e-flex e-con e-parent\" data-id=\"d5ca732\" data-element_type=\"container\" data-settings=\"{&quot;background_background&quot;:&quot;classic&quot;}\">\n\t\t<div class=\"elementor-element elementor-element-71ff3a2 e-con-full e-flex e-con e-child\" data-id=\"71ff3a2\" data-element_type=\"container\">\n\t\t\t\t<div class=\"elementor-element elementor-element-b3cfe82 elementor-widget elementor-widget-image\" data-id=\"b3cfe82\" data-element_type=\"widget\" data-widget_type=\"image.default\">\n\t\t\t\t<div class=\"elementor-widget-container\">\n\t\t\t\t\t\t\t\t\t\t\t\t\t\t\t<img loading=\"lazy\" decoding=\"async\" width=\"960\" height=\"720\" src=\"https:\/\/arguis.monrepos.es\/wp-content\/uploads\/2024\/10\/arguis_2020_4.jpg\" class=\"attachment-large size-large wp-image-4230\" alt=\"\" srcset=\"https:\/\/arguis.monrepos.es\/wp-content\/uploads\/2024\/10\/arguis_2020_4.jpg 960w, https:\/\/arguis.monrepos.es\/wp-content\/uploads\/2024\/10\/arguis_2020_4-300x225.jpg 300w, https:\/\/arguis.monrepos.es\/wp-content\/uploads\/2024\/10\/arguis_2020_4-768x576.jpg 768w, https:\/\/arguis.monrepos.es\/wp-content\/uploads\/2024\/10\/arguis_2020_4-600x450.jpg 600w\" sizes=\"(max-width: 960px) 100vw, 960px\" \/>\t\t\t\t\t\t\t\t\t\t\t\t\t\t\t<\/div>\n\t\t\t\t<\/div>\n\t\t\t\t<\/div>\n\t\t<div class=\"elementor-element elementor-element-063e658 e-con-full e-flex e-con e-child\" data-id=\"063e658\" data-element_type=\"container\">\n\t\t\t\t<div class=\"elementor-element elementor-element-58c3e9d elementor-widget elementor-widget-text-editor\" data-id=\"58c3e9d\" data-element_type=\"widget\" data-widget_type=\"text-editor.default\">\n\t\t\t\t<div class=\"elementor-widget-container\">\n\t\t\t\t\t\t\t\t\t<h6>La Casa Lafoz<\/h6>\n<p>On ne saurait parler d&rsquo;Arguis sans \u00e9voquer la Casa Lafoz. Ce bar, repr\u00e9sentant de l&rsquo;hospitalit\u00e9 la plus traditionnelle des Pyr\u00e9n\u00e9es aragonaises, est rest\u00e9 tel qu&rsquo;il \u00e9tait en 1974, lorsque la premi\u00e8re r\u00e9union hivernale d&rsquo;Arguis s&rsquo;est tenue derri\u00e8re ses portes. Pendant pr\u00e8s d&rsquo;un demi-si\u00e8cle, il a \u00e9t\u00e9 l&rsquo;un des hauts lieux de la rencontre jusqu&rsquo;\u00e0 ce qu&rsquo;il ferme d\u00e9finitivement ses portes en 2021, en raison du d\u00e9part \u00e0 la retraite de ses propri\u00e9taires. Tout ce qui s&rsquo;est pass\u00e9 entre ses murs ne peut \u00eatre expliqu\u00e9 par des mots, c&rsquo;est pourquoi il reste l&rsquo;une des r\u00e9f\u00e9rences de La Invernal. Une photo \u00e0 l&rsquo;entr\u00e9e s&rsquo;impose.    <\/p>\n\t\t\t\t\t\t\t\t<\/div>\n\t\t\t\t<\/div>\n\t\t\t\t<\/div>\n\t\t\t\t<\/div>\n\t\t<div class=\"elementor-element elementor-element-dd79098 e-con-full e-flex e-con e-parent\" data-id=\"dd79098\" data-element_type=\"container\" data-settings=\"{&quot;background_background&quot;:&quot;classic&quot;}\">\n\t\t<div class=\"elementor-element elementor-element-51c3410 e-con-full e-flex e-con e-child\" data-id=\"51c3410\" data-element_type=\"container\">\n\t\t\t\t<div class=\"elementor-element elementor-element-2ea40b4 elementor-widget elementor-widget-image\" data-id=\"2ea40b4\" data-element_type=\"widget\" data-widget_type=\"image.default\">\n\t\t\t\t<div class=\"elementor-widget-container\">\n\t\t\t\t\t\t\t\t\t\t\t\t\t\t\t<img loading=\"lazy\" decoding=\"async\" width=\"1024\" height=\"683\" src=\"https:\/\/arguis.monrepos.es\/wp-content\/uploads\/2024\/10\/245317638_2692356347576302_8405077506045251811_n-1024x683.jpg\" class=\"attachment-large size-large wp-image-4239\" alt=\"\" srcset=\"https:\/\/arguis.monrepos.es\/wp-content\/uploads\/2024\/10\/245317638_2692356347576302_8405077506045251811_n-1024x683.jpg 1024w, https:\/\/arguis.monrepos.es\/wp-content\/uploads\/2024\/10\/245317638_2692356347576302_8405077506045251811_n-300x200.jpg 300w, https:\/\/arguis.monrepos.es\/wp-content\/uploads\/2024\/10\/245317638_2692356347576302_8405077506045251811_n-768x512.jpg 768w, https:\/\/arguis.monrepos.es\/wp-content\/uploads\/2024\/10\/245317638_2692356347576302_8405077506045251811_n-1536x1024.jpg 1536w, https:\/\/arguis.monrepos.es\/wp-content\/uploads\/2024\/10\/245317638_2692356347576302_8405077506045251811_n-600x400.jpg 600w, https:\/\/arguis.monrepos.es\/wp-content\/uploads\/2024\/10\/245317638_2692356347576302_8405077506045251811_n.jpg 1944w\" sizes=\"(max-width: 1024px) 100vw, 1024px\" \/>\t\t\t\t\t\t\t\t\t\t\t\t\t\t\t<\/div>\n\t\t\t\t<\/div>\n\t\t\t\t<\/div>\n\t\t<div class=\"elementor-element elementor-element-1db4aac e-con-full e-flex e-con e-child\" data-id=\"1db4aac\" data-element_type=\"container\">\n\t\t\t\t<div class=\"elementor-element elementor-element-11f3744 elementor-widget elementor-widget-text-editor\" data-id=\"11f3744\" data-element_type=\"widget\" data-widget_type=\"text-editor.default\">\n\t\t\t\t<div class=\"elementor-widget-container\">\n\t\t\t\t\t\t\t\t\t<h6>Un espace sans fronti\u00e8res : le drapeau fran\u00e7ais<\/h6>\n<p>Lors de la r\u00e9union, l&rsquo;espagnol et le fran\u00e7ais sont consid\u00e9r\u00e9s comme des langues officielles. L&rsquo;une ou l&rsquo;autre langue peut \u00eatre utilis\u00e9e indiff\u00e9remment. <\/p>\n<p>Depuis ses origines, la rencontre a pour vocation d&rsquo;\u00eatre un lien sans fronti\u00e8res. &nbsp;C&rsquo;est pourquoi le drapeau fran\u00e7ais flotte aux c\u00f4t\u00e9s du drapeau national, repr\u00e9sentant l&rsquo;amiti\u00e9 entre les supporters des deux c\u00f4t\u00e9s des Pyr\u00e9n\u00e9es. Mais il signifie bien plus, puisqu&rsquo;il rend hommage \u00e0 tous ceux qui viennent chaque ann\u00e9e \u00e0 Arguis depuis des pays lointains.  <\/p>\n<p>La pr\u00e9sence importante de passionn\u00e9s fran\u00e7ais a commenc\u00e9 dans les ann\u00e9es 1970, avec la pr\u00e9sence permanente d&rsquo;un groupe important de membres du Moto Club d&rsquo;Oloron et d&rsquo;autres organisations fran\u00e7aises.<br> &nbsp;De 1975 jusqu&rsquo;\u00e0 une bonne partie des ann\u00e9es 1980, un groupe de Fran\u00e7ais apportait chaque ann\u00e9e une \u00e9norme caisse de sardines dans leur side-car pour la partager avec les personnes pr\u00e9sentes. Cette pr\u00e9sence est si importante en nombre qu&rsquo;\u00e0 certaines occasions, comme lors de l&rsquo;\u00e9dition 2014, les fans fran\u00e7ais en sont venus \u00e0 repr\u00e9senter pr\u00e8s de 50 % du nombre total de participants \u00e0 la r\u00e9union, atteignant 70 % lors de l&rsquo;\u00e9dition 2019. <\/p>\t\t\t\t\t\t\t\t<\/div>\n\t\t\t\t<\/div>\n\t\t\t\t<\/div>\n\t\t\t\t<\/div>\n\t\t<div class=\"elementor-element elementor-element-0fc8654 e-con-full e-flex e-con e-parent\" data-id=\"0fc8654\" data-element_type=\"container\" data-settings=\"{&quot;background_background&quot;:&quot;classic&quot;}\">\n\t\t<div class=\"elementor-element elementor-element-941730d e-con-full e-flex e-con e-child\" data-id=\"941730d\" data-element_type=\"container\">\n\t\t\t\t<div class=\"elementor-element elementor-element-3cdb7d4 elementor-widget elementor-widget-image\" data-id=\"3cdb7d4\" data-element_type=\"widget\" data-widget_type=\"image.default\">\n\t\t\t\t<div class=\"elementor-widget-container\">\n\t\t\t\t\t\t\t\t\t\t\t\t\t\t\t<img loading=\"lazy\" decoding=\"async\" width=\"1024\" height=\"682\" src=\"https:\/\/arguis.monrepos.es\/wp-content\/uploads\/2024\/10\/412693474_661013626183006_1388263374652789075_n-1024x682.jpg\" class=\"attachment-large size-large wp-image-4246\" alt=\"\" srcset=\"https:\/\/arguis.monrepos.es\/wp-content\/uploads\/2024\/10\/412693474_661013626183006_1388263374652789075_n-1024x682.jpg 1024w, https:\/\/arguis.monrepos.es\/wp-content\/uploads\/2024\/10\/412693474_661013626183006_1388263374652789075_n-300x200.jpg 300w, https:\/\/arguis.monrepos.es\/wp-content\/uploads\/2024\/10\/412693474_661013626183006_1388263374652789075_n-768x511.jpg 768w, https:\/\/arguis.monrepos.es\/wp-content\/uploads\/2024\/10\/412693474_661013626183006_1388263374652789075_n-1536x1022.jpg 1536w, https:\/\/arguis.monrepos.es\/wp-content\/uploads\/2024\/10\/412693474_661013626183006_1388263374652789075_n-600x399.jpg 600w, https:\/\/arguis.monrepos.es\/wp-content\/uploads\/2024\/10\/412693474_661013626183006_1388263374652789075_n.jpg 2048w\" sizes=\"(max-width: 1024px) 100vw, 1024px\" \/>\t\t\t\t\t\t\t\t\t\t\t\t\t\t\t<\/div>\n\t\t\t\t<\/div>\n\t\t\t\t<\/div>\n\t\t<div class=\"elementor-element elementor-element-9af2406 e-con-full e-flex e-con e-child\" data-id=\"9af2406\" data-element_type=\"container\">\n\t\t\t\t<div class=\"elementor-element elementor-element-e5659c8 elementor-widget elementor-widget-text-editor\" data-id=\"e5659c8\" data-element_type=\"widget\" data-widget_type=\"text-editor.default\">\n\t\t\t\t<div class=\"elementor-widget-container\">\n\t\t\t\t\t\t\t\t\t<h6>En souvenir de ceux qui ne sont plus parmi nous<\/h6>\n<p>Sur le b\u00fbcher d&rsquo;Arguis, \u00ab\u00a0le lieu d&rsquo;o\u00f9 nous venons et o\u00f9 nous revenons toujours\u00a0\u00bb, un hommage simple a \u00e9t\u00e9 rendu aux personnes qui ont partag\u00e9 le m\u00eame feu. M\u00eame des personnes comme l&rsquo;un des fondateurs de la rencontre, M. Miguel Calvera Cuartero, ont voulu que ses cendres reposent \u00e0 jamais dans le b\u00fbcher d&rsquo;Arguis. D&rsquo;autres ont fait leurs adieux pour l&rsquo;ann\u00e9e prochaine et le destin ne leur a pas permis de revenir, comme JC Nokalkorretant, qui a \u00e9t\u00e9 rappel\u00e9 par ses amis en jetant un petit souvenir dans les flammes. Le cancer a emport\u00e9 le journaliste Javier Herrero de Novoa le soir m\u00eame de la r\u00e9union de 2013. Il a promu ce meeting depuis les pages de Motociclismo puis de F\u00f3rmula Moto. Arguis l&rsquo;a pleur\u00e9 avec une minute de silence interrompue seulement par la clameur de l&rsquo;incendie.     <\/p>\n<p>Chaque ann\u00e9e, ceux qui ne sont plus l\u00e0 reviennent vivre dans le c\u0153ur de ceux qui ont jadis partag\u00e9 repas, conversations et amiti\u00e9 autour du feu d&rsquo;Arguis.<\/p>\n<p>L&rsquo;\u00e9dition 2014 a \u00e9t\u00e9 organis\u00e9e en m\u00e9moire de Jos\u00e9 Berna et Daniel Lanaspa \u00ab\u00a0Freddy Krueguer\u00a0\u00bb, membres du Moto Club Monrep\u00f3s d\u00e9c\u00e9d\u00e9s cette ann\u00e9e-l\u00e0. En 2019, un hommage a \u00e9t\u00e9 rendu \u00e0 Oliva Ara, \u00ab\u00a0alma mater\u00a0\u00bb de la Casa Lafoz. <\/p>\n\t\t\t\t\t\t\t\t<\/div>\n\t\t\t\t<\/div>\n\t\t\t\t<\/div>\n\t\t\t\t<\/div>\n\t\t<div class=\"elementor-element elementor-element-3cba466 e-con-full e-flex e-con e-parent\" data-id=\"3cba466\" data-element_type=\"container\" data-settings=\"{&quot;background_background&quot;:&quot;classic&quot;}\">\n\t\t<div class=\"elementor-element elementor-element-8845b01 e-con-full e-flex e-con e-child\" data-id=\"8845b01\" data-element_type=\"container\">\n\t\t\t\t<div class=\"elementor-element elementor-element-f663188 elementor-widget elementor-widget-image\" data-id=\"f663188\" data-element_type=\"widget\" data-widget_type=\"image.default\">\n\t\t\t\t<div class=\"elementor-widget-container\">\n\t\t\t\t\t\t\t\t\t\t\t\t\t\t\t<img loading=\"lazy\" decoding=\"async\" width=\"1024\" height=\"695\" src=\"https:\/\/arguis.monrepos.es\/wp-content\/uploads\/2024\/10\/411052987_661016909516011_8536095320358505336_n-1024x695.jpg\" class=\"attachment-large size-large wp-image-4238\" alt=\"\" srcset=\"https:\/\/arguis.monrepos.es\/wp-content\/uploads\/2024\/10\/411052987_661016909516011_8536095320358505336_n-1024x695.jpg 1024w, https:\/\/arguis.monrepos.es\/wp-content\/uploads\/2024\/10\/411052987_661016909516011_8536095320358505336_n-300x204.jpg 300w, https:\/\/arguis.monrepos.es\/wp-content\/uploads\/2024\/10\/411052987_661016909516011_8536095320358505336_n-768x521.jpg 768w, https:\/\/arguis.monrepos.es\/wp-content\/uploads\/2024\/10\/411052987_661016909516011_8536095320358505336_n-1536x1043.jpg 1536w, https:\/\/arguis.monrepos.es\/wp-content\/uploads\/2024\/10\/411052987_661016909516011_8536095320358505336_n-600x407.jpg 600w, https:\/\/arguis.monrepos.es\/wp-content\/uploads\/2024\/10\/411052987_661016909516011_8536095320358505336_n.jpg 2048w\" sizes=\"(max-width: 1024px) 100vw, 1024px\" \/>\t\t\t\t\t\t\t\t\t\t\t\t\t\t\t<\/div>\n\t\t\t\t<\/div>\n\t\t\t\t<\/div>\n\t\t<div class=\"elementor-element elementor-element-c310817 e-con-full e-flex e-con e-child\" data-id=\"c310817\" data-element_type=\"container\">\n\t\t\t\t<div class=\"elementor-element elementor-element-6468aca elementor-widget elementor-widget-text-editor\" data-id=\"6468aca\" data-element_type=\"widget\" data-widget_type=\"text-editor.default\">\n\t\t\t\t<div class=\"elementor-widget-container\">\n\t\t\t\t\t\t\t\t\t<h6>D\u00e9jeuner du dimanche<\/h6>\n<p>Avant de prendre le chemin du retour, il faut se rassasier des traditionnels \u0153ufs et jambon servis avec du pain de mie.<\/p>\n<p>Il est de tradition que de nombreuses personnes (principalement de Saragosse), en raison de diff\u00e9rentes circonstances, ne montent que le dimanche pour se promener autour de la r\u00e9union et d\u00e9jeuner. Si vous envisagez cette possibilit\u00e9, plusieurs options s&rsquo;offrent \u00e0 vous : <\/p>\n<ul>\n<li>La Trobada de Migal\u00f3n (au-dessus de la Casa Lafoz)<\/li>\n<li>Bar Restaurante La Yaya Luisa (\u00e0 c\u00f4t\u00e9 de l&rsquo;\u00e9glise d&rsquo;Arguis)<\/li>\n<li>Bar Restaurante Monrep\u00f3s (\u00e0 c\u00f4t\u00e9 de la route, avant de commencer \u00e0 monter Monrep\u00f3s)<\/li>\n<\/ul>\n\t\t\t\t\t\t\t\t<\/div>\n\t\t\t\t<\/div>\n\t\t\t\t<\/div>\n\t\t\t\t<\/div>\n\t\t<div class=\"elementor-element elementor-element-2d0e54e e-con-full e-flex e-con e-parent\" data-id=\"2d0e54e\" data-element_type=\"container\" data-settings=\"{&quot;background_background&quot;:&quot;classic&quot;,&quot;shape_divider_top&quot;:&quot;tilt&quot;,&quot;shape_divider_bottom&quot;:&quot;tilt&quot;}\">\n\t\t\t\t<div class=\"elementor-shape elementor-shape-top\" aria-hidden=\"true\" data-negative=\"false\">\n\t\t\t<svg xmlns=\"http:\/\/www.w3.org\/2000\/svg\" viewBox=\"0 0 1000 100\" preserveAspectRatio=\"none\">\n\t<path class=\"elementor-shape-fill\" d=\"M0,6V0h1000v100L0,6z\"\/>\n<\/svg>\t\t<\/div>\n\t\t\t\t<div class=\"elementor-shape elementor-shape-bottom\" aria-hidden=\"true\" data-negative=\"false\">\n\t\t\t<svg xmlns=\"http:\/\/www.w3.org\/2000\/svg\" viewBox=\"0 0 1000 100\" preserveAspectRatio=\"none\">\n\t<path class=\"elementor-shape-fill\" d=\"M0,6V0h1000v100L0,6z\"\/>\n<\/svg>\t\t<\/div>\n\t\t<div class=\"elementor-element elementor-element-5a63183 e-con-full e-flex e-con e-child\" data-id=\"5a63183\" data-element_type=\"container\">\n\t\t\t\t<div class=\"elementor-element elementor-element-f61f636 elementor-widget elementor-widget-heading\" data-id=\"f61f636\" data-element_type=\"widget\" data-widget_type=\"heading.default\">\n\t\t\t\t<div class=\"elementor-widget-container\">\n\t\t\t\t\t<h2 class=\"elementor-heading-title elementor-size-default\"><br>L'aventure continue... et avec celle-ci, cela fait 51... Comme le temps passe vite !<\/h2>\t\t\t\t<\/div>\n\t\t\t\t<\/div>\n\t\t\t\t<\/div>\n\t\t\t\t<\/div>\n\t\t<div class=\"elementor-element elementor-element-4f807c7 e-con-full elementor-hidden-desktop elementor-hidden-tablet elementor-hidden-mobile e-flex e-con e-parent\" data-id=\"4f807c7\" data-element_type=\"container\" data-settings=\"{&quot;background_background&quot;:&quot;classic&quot;}\">\n\t\t<div class=\"elementor-element elementor-element-2e1c688 e-con-full e-flex e-con e-child\" data-id=\"2e1c688\" data-element_type=\"container\">\n\t\t\t\t<div class=\"elementor-element elementor-element-cbeeb95 elementor-widget elementor-widget-image\" data-id=\"cbeeb95\" data-element_type=\"widget\" data-widget_type=\"image.default\">\n\t\t\t\t<div class=\"elementor-widget-container\">\n\t\t\t\t\t\t\t\t\t\t\t\t\t\t\t<img loading=\"lazy\" decoding=\"async\" width=\"2048\" height=\"1151\" src=\"https:\/\/arguis.monrepos.es\/wp-content\/uploads\/2024\/10\/401125406_642035638080805_4873098147797726363_n.jpg\" class=\"attachment-full size-full wp-image-4237\" alt=\"\" srcset=\"https:\/\/arguis.monrepos.es\/wp-content\/uploads\/2024\/10\/401125406_642035638080805_4873098147797726363_n.jpg 2048w, https:\/\/arguis.monrepos.es\/wp-content\/uploads\/2024\/10\/401125406_642035638080805_4873098147797726363_n-300x169.jpg 300w, https:\/\/arguis.monrepos.es\/wp-content\/uploads\/2024\/10\/401125406_642035638080805_4873098147797726363_n-1024x576.jpg 1024w, https:\/\/arguis.monrepos.es\/wp-content\/uploads\/2024\/10\/401125406_642035638080805_4873098147797726363_n-768x432.jpg 768w, https:\/\/arguis.monrepos.es\/wp-content\/uploads\/2024\/10\/401125406_642035638080805_4873098147797726363_n-1536x863.jpg 1536w, https:\/\/arguis.monrepos.es\/wp-content\/uploads\/2024\/10\/401125406_642035638080805_4873098147797726363_n-600x337.jpg 600w\" sizes=\"(max-width: 2048px) 100vw, 2048px\" \/>\t\t\t\t\t\t\t\t\t\t\t\t\t\t\t<\/div>\n\t\t\t\t<\/div>\n\t\t\t\t<\/div>\n\t\t<div class=\"elementor-element elementor-element-8d8414d e-con-full e-flex e-con e-child\" data-id=\"8d8414d\" data-element_type=\"container\" data-settings=\"{&quot;background_background&quot;:&quot;classic&quot;}\">\n\t\t\t\t<div class=\"elementor-element elementor-element-50a6794 elementor-widget elementor-widget-heading\" data-id=\"50a6794\" data-element_type=\"widget\" data-widget_type=\"heading.default\">\n\t\t\t\t<div class=\"elementor-widget-container\">\n\t\t\t\t\t<h6 class=\"elementor-heading-title elementor-size-default\">  Le compte \u00e0 rebours a commenc\u00e9<\/h6>\t\t\t\t<\/div>\n\t\t\t\t<\/div>\n\t\t\t\t<div class=\"elementor-element elementor-element-25398df elementor-align-center elementor-icon-list--layout-traditional elementor-list-item-link-full_width elementor-widget elementor-widget-icon-list\" data-id=\"25398df\" data-element_type=\"widget\" data-widget_type=\"icon-list.default\">\n\t\t\t\t<div class=\"elementor-widget-container\">\n\t\t\t\t\t\t\t<ul class=\"elementor-icon-list-items\">\n\t\t\t\t\t\t\t<li class=\"elementor-icon-list-item\">\n\t\t\t\t\t\t\t\t\t\t\t<span class=\"elementor-icon-list-icon\">\n\t\t\t\t\t\t\t<svg aria-hidden=\"true\" class=\"e-font-icon-svg e-fas-unlock-alt\" viewBox=\"0 0 448 512\" xmlns=\"http:\/\/www.w3.org\/2000\/svg\"><path d=\"M400 256H152V152.9c0-39.6 31.7-72.5 71.3-72.9 40-.4 72.7 32.1 72.7 72v16c0 13.3 10.7 24 24 24h32c13.3 0 24-10.7 24-24v-16C376 68 307.5-.3 223.5 0 139.5.3 72 69.5 72 153.5V256H48c-26.5 0-48 21.5-48 48v160c0 26.5 21.5 48 48 48h352c26.5 0 48-21.5 48-48V304c0-26.5-21.5-48-48-48zM264 408c0 22.1-17.9 40-40 40s-40-17.9-40-40v-48c0-22.1 17.9-40 40-40s40 17.9 40 40v48z\"><\/path><\/svg>\t\t\t\t\t\t<\/span>\n\t\t\t\t\t\t\t\t\t\t<span class=\"elementor-icon-list-text\">La p\u00e9riode d'inscription est ouverte jusqu'au 15 d\u00e9cembre.<\/span>\n\t\t\t\t\t\t\t\t\t<\/li>\n\t\t\t\t\t\t<\/ul>\n\t\t\t\t\t\t<\/div>\n\t\t\t\t<\/div>\n\t\t\t\t<div class=\"elementor-element elementor-element-8ae7c02 elementor-align-center elementor-widget elementor-widget-button\" data-id=\"8ae7c02\" data-element_type=\"widget\" data-widget_type=\"button.default\">\n\t\t\t\t<div class=\"elementor-widget-container\">\n\t\t\t\t\t\t\t\t\t<div class=\"elementor-button-wrapper\">\n\t\t\t\t\t<a class=\"elementor-button elementor-button-link elementor-size-sm\" href=\"https:\/\/arguis.monrepos.es\/fr\/reunion-dhiver-darguis-2\/page-de-saisie-des-donnees\/\">\n\t\t\t\t\t\t<span class=\"elementor-button-content-wrapper\">\n\t\t\t\t\t\t\t\t\t<span class=\"elementor-button-text\">S'INSCRIRE<\/span>\n\t\t\t\t\t<\/span>\n\t\t\t\t\t<\/a>\n\t\t\t\t<\/div>\n\t\t\t\t\t\t\t\t<\/div>\n\t\t\t\t<\/div>\n\t\t\t\t<\/div>\n\t\t\t\t<\/div>\n\t\t<div class=\"elementor-element elementor-element-6db0443 e-flex e-con-boxed e-con e-parent\" data-id=\"6db0443\" data-element_type=\"container\">\n\t\t\t\t\t<div class=\"e-con-inner\">\n\t\t\t\t<div class=\"elementor-element elementor-element-bdce203 elementor-widget elementor-widget-html\" data-id=\"bdce203\" data-element_type=\"widget\" data-widget_type=\"html.default\">\n\t\t\t\t<div class=\"elementor-widget-container\">\n\t\t\t\t\t<style>.eael-countdown-days {\n    display: inline-flex;\n}\n\nspan.eael-countdown-digits:before {\n    content: \"quedan \";\n    font-size: 36px;\n    color: #000000;\n}\n\n.counter-p {\n    text-align: center;\n    \n}\n\nspan.eael-countdown-label {\n    margin-left: 12px;\n    margin-top: 16px;\n}\n<\/style>\t\t\t\t<\/div>\n\t\t\t\t<\/div>\n\t\t\t\t\t<\/div>\n\t\t\t\t<\/div>\n\t\t\t\t<\/div>\n\t\t","protected":false},"excerpt":{"rendered":"<p>R\u00e9union d&rsquo;hiver d&rsquo;Arguis LA PLUS ANCIENNE R\u00c9UNION DE MOTOCYCLISTES EN ESPAGNE Une r\u00e9union d&rsquo;un genre tr\u00e8s diff\u00e9rent Le meeting d&rsquo;hiver d&rsquo;Arguis est marqu\u00e9 par diverses traditions et symboles qui ont accompagn\u00e9 le motocyclisme europ\u00e9en. Ce n&rsquo;est pas pour rien que la premi\u00e8re \u00e9dition du meeting, qui s&rsquo;est tenue en 1974, a \u00e9t\u00e9 rendue possible apr\u00e8s [&hellip;]<\/p>\n","protected":false},"author":4,"featured_media":0,"parent":0,"menu_order":0,"comment_status":"closed","ping_status":"closed","template":"","meta":{"site-sidebar-layout":"no-sidebar","site-content-layout":"page-builder","ast-site-content-layout":"full-width-container","site-content-style":"unboxed","site-sidebar-style":"unboxed","ast-global-header-display":"","ast-banner-title-visibility":"","ast-main-header-display":"","ast-hfb-above-header-display":"","ast-hfb-below-header-display":"","ast-hfb-mobile-header-display":"","site-post-title":"disabled","ast-breadcrumbs-content":"disabled","ast-featured-img":"disabled","footer-sml-layout":"","theme-transparent-header-meta":"enabled","adv-header-id-meta":"","stick-header-meta":"","header-above-stick-meta":"","header-main-stick-meta":"","header-below-stick-meta":"","astra-migrate-meta-layouts":"default","ast-page-background-enabled":"default","ast-page-background-meta":{"desktop":{"background-color":"","background-image":"","background-repeat":"repeat","background-position":"center center","background-size":"auto","background-attachment":"scroll","background-type":"","background-media":"","overlay-type":"","overlay-color":"","overlay-opacity":"","overlay-gradient":""},"tablet":{"background-color":"","background-image":"","background-repeat":"repeat","background-position":"center center","background-size":"auto","background-attachment":"scroll","background-type":"","background-media":"","overlay-type":"","overlay-color":"","overlay-opacity":"","overlay-gradient":""},"mobile":{"background-color":"","background-image":"","background-repeat":"repeat","background-position":"center center","background-size":"auto","background-attachment":"scroll","background-type":"","background-media":"","overlay-type":"","overlay-color":"","overlay-opacity":"","overlay-gradient":""}},"ast-content-background-meta":{"desktop":{"background-color":"var(--ast-global-color-5)","background-image":"","background-repeat":"repeat","background-position":"center center","background-size":"auto","background-attachment":"scroll","background-type":"","background-media":"","overlay-type":"","overlay-color":"","overlay-opacity":"","overlay-gradient":""},"tablet":{"background-color":"var(--ast-global-color-5)","background-image":"","background-repeat":"repeat","background-position":"center center","background-size":"auto","background-attachment":"scroll","background-type":"","background-media":"","overlay-type":"","overlay-color":"","overlay-opacity":"","overlay-gradient":""},"mobile":{"background-color":"var(--ast-global-color-5)","background-image":"","background-repeat":"repeat","background-position":"center center","background-size":"auto","background-attachment":"scroll","background-type":"","background-media":"","overlay-type":"","overlay-color":"","overlay-opacity":"","overlay-gradient":""}},"footnotes":""},"class_list":["post-5653","page","type-page","status-publish","hentry"],"_links":{"self":[{"href":"https:\/\/arguis.monrepos.es\/fr\/wp-json\/wp\/v2\/pages\/5653","targetHints":{"allow":["GET"]}}],"collection":[{"href":"https:\/\/arguis.monrepos.es\/fr\/wp-json\/wp\/v2\/pages"}],"about":[{"href":"https:\/\/arguis.monrepos.es\/fr\/wp-json\/wp\/v2\/types\/page"}],"author":[{"embeddable":true,"href":"https:\/\/arguis.monrepos.es\/fr\/wp-json\/wp\/v2\/users\/4"}],"replies":[{"embeddable":true,"href":"https:\/\/arguis.monrepos.es\/fr\/wp-json\/wp\/v2\/comments?post=5653"}],"version-history":[{"count":7,"href":"https:\/\/arguis.monrepos.es\/fr\/wp-json\/wp\/v2\/pages\/5653\/revisions"}],"predecessor-version":[{"id":6472,"href":"https:\/\/arguis.monrepos.es\/fr\/wp-json\/wp\/v2\/pages\/5653\/revisions\/6472"}],"wp:attachment":[{"href":"https:\/\/arguis.monrepos.es\/fr\/wp-json\/wp\/v2\/media?parent=5653"}],"curies":[{"name":"wp","href":"https:\/\/api.w.org\/{rel}","templated":true}]}}