{"id":5744,"date":"2024-05-30T19:52:09","date_gmt":"2024-05-30T17:52:09","guid":{"rendered":"https:\/\/arguis.monrepos.es\/historique-de-la-reunion\/"},"modified":"2024-12-18T17:30:56","modified_gmt":"2024-12-18T16:30:56","slug":"historique-de-la-reunion","status":"publish","type":"page","link":"https:\/\/arguis.monrepos.es\/fr\/historique-de-la-reunion\/","title":{"rendered":"Historique de la r\u00e9union"},"content":{"rendered":"\t\t<div data-elementor-type=\"wp-page\" data-elementor-id=\"5744\" class=\"elementor elementor-5744\" data-elementor-post-type=\"page\">\n\t\t\t\t<div class=\"elementor-element elementor-element-af9412d e-con-full e-flex e-con e-parent\" data-id=\"af9412d\" data-element_type=\"container\" data-settings=\"{&quot;background_background&quot;:&quot;classic&quot;,&quot;shape_divider_bottom&quot;:&quot;tilt&quot;}\">\n\t\t\t\t<div class=\"elementor-shape elementor-shape-bottom\" aria-hidden=\"true\" data-negative=\"false\">\n\t\t\t<svg xmlns=\"http:\/\/www.w3.org\/2000\/svg\" viewBox=\"0 0 1000 100\" preserveAspectRatio=\"none\">\n\t<path class=\"elementor-shape-fill\" d=\"M0,6V0h1000v100L0,6z\"\/>\n<\/svg>\t\t<\/div>\n\t\t<div class=\"elementor-element elementor-element-6d39f74 e-con-full e-flex e-con e-child\" data-id=\"6d39f74\" data-element_type=\"container\">\n\t\t\t\t<div class=\"elementor-element elementor-element-262f85b elementor-widget elementor-widget-heading\" data-id=\"262f85b\" data-element_type=\"widget\" data-widget_type=\"heading.default\">\n\t\t\t\t<div class=\"elementor-widget-container\">\n\t\t\t\t\t<h1 class=\"elementor-heading-title elementor-size-default\">Historique de la r\u00e9union<\/h1>\t\t\t\t<\/div>\n\t\t\t\t<\/div>\n\t\t\t\t<div class=\"elementor-element elementor-element-10cf177 elementor-widget elementor-widget-heading\" data-id=\"10cf177\" data-element_type=\"widget\" data-widget_type=\"heading.default\">\n\t\t\t\t<div class=\"elementor-widget-container\">\n\t\t\t\t\t<h6 class=\"elementor-heading-title elementor-size-default\">LE VILLAGE IRR\u00c9DUCTIBLE.<\/h6>\t\t\t\t<\/div>\n\t\t\t\t<\/div>\n\t\t\t\t<\/div>\n\t\t\t\t<\/div>\n\t\t<div class=\"elementor-element elementor-element-12ba43c e-flex e-con-boxed e-con e-parent\" data-id=\"12ba43c\" data-element_type=\"container\" data-settings=\"{&quot;background_background&quot;:&quot;classic&quot;}\">\n\t\t\t\t\t<div class=\"e-con-inner\">\n\t\t<div class=\"elementor-element elementor-element-ab1ec1e e-con-full e-flex e-con e-child\" data-id=\"ab1ec1e\" data-element_type=\"container\">\n\t\t\t\t<div class=\"elementor-element elementor-element-0be6244 elementor-widget elementor-widget-icon-box\" data-id=\"0be6244\" data-element_type=\"widget\" data-widget_type=\"icon-box.default\">\n\t\t\t\t<div class=\"elementor-widget-container\">\n\t\t\t\t\t\t\t<div class=\"elementor-icon-box-wrapper\">\n\n\t\t\t\n\t\t\t\t\t\t<div class=\"elementor-icon-box-content\">\n\n\t\t\t\t\t\t\t\t\t<h4 class=\"elementor-icon-box-title\">\n\t\t\t\t\t\t<span  >\n\t\t\t\t\t\t\tDepuis 1974, il s'agit de la plus ancienne r\u00e9union de motocyclistes en Espagne.\t\t\t\t\t\t<\/span>\n\t\t\t\t\t<\/h4>\n\t\t\t\t\n\t\t\t\t\n\t\t\t<\/div>\n\t\t\t\n\t\t<\/div>\n\t\t\t\t\t\t<\/div>\n\t\t\t\t<\/div>\n\t\t\t\t<div class=\"elementor-element elementor-element-53d1045 elementor-widget elementor-widget-text-editor\" data-id=\"53d1045\" data-element_type=\"widget\" data-widget_type=\"text-editor.default\">\n\t\t\t\t<div class=\"elementor-widget-container\">\n\t\t\t\t\t\t\t\t\t<p>Nous sommes \u00e0 l&rsquo;automne 1974. Dans la nuit froide, une Citro\u00ebn 2CV roule de Barbastro \u00e0 Saragosse sur la route N-240. \u00c0 l&rsquo;int\u00e9rieur, deux motards infatigables, qui deviendront des l\u00e9gendes, discutent avec animation : Clemente Al\u00e9n et Emilio Molin\u00e9 (connu sous le nom de <em>\u00ab\u00a0El Gorras <\/em> \u00ab\u00a0, en raison de son habituelle casquette \u00e0 carreaux). En fin de compte, ils se sont av\u00e9r\u00e9s \u00eatre les repr\u00e9sentants respectifs de deux des entit\u00e9s les plus c\u00e9l\u00e8bres et les plus m\u00e9morables de l&rsquo;histoire du motocyclisme national : le <strong>Moto Club Pirineos<\/strong> de Barbastro et le <strong>Moto Club Turismo Zaragoza<\/strong>. <strong> <br \/><\/strong>    <\/p>\n<p><a href=\"https:\/\/arguisold.monrepos.es\/wp-content\/uploads\/2014\/09\/Arguis1974-2.jpg\" target=\"_blank\" rel=\"noopener\"><img fetchpriority=\"high\" decoding=\"async\" class=\"size-medium wp-image-34 aligncenter\" src=\"https:\/\/arguis.monrepos.es\/wp-content\/uploads\/2024\/10\/Arguis1974-2-300x192-1.jpg\" alt=\"\" width=\"300\" height=\"192\"><\/a><\/p>\n<p>Sous le froid, la nuit et le son inimitable du boxer refroidi par air de la 2CV, la conversation habituelle : les motos. Les deux amis passent en revue le calendrier des \u00e9v\u00e9nements moto du moment. Le froid intense les fait parler de l&rsquo;Elefantentreffen, un rassemblement de side-cars allemands dont ils avaient entendu parler dans des magazines fran\u00e7ais.  <\/p>\n<p>De plus, il semble que les Oloronais disent qu&rsquo;apr\u00e8s la mort de Michel Perdrix (survenue en 1971), on dit qu&rsquo;on ne sait pas s&rsquo;il y aura des Millevaches cette ann\u00e9e-l\u00e0, et qu&rsquo;en tout cas Annick et les autres ont d\u00e9cid\u00e9 de mettre un terme \u00e0 cette aventure.<\/p>\n<p><a href=\"https:\/\/arguisold.monrepos.es\/wp-content\/uploads\/2014\/09\/Arguis1974.jpg\" target=\"_blank\" rel=\"noopener\"><img decoding=\"async\" class=\"wp-image-35 aligncenter\" src=\"https:\/\/arguis.monrepos.es\/wp-content\/uploads\/2024\/10\/Arguis1974-300x198-1.jpg\" alt=\"\" width=\"358\" height=\"236\"><\/a><\/p>\n<p>\u00ab\u00a0Il est curieux qu&rsquo;en Espagne nous n&rsquo;ayons rien fait de semblable\u00a0\u00bb, a \u00e9t\u00e9 la phrase qui a amen\u00e9 la conversation. Tous deux se regardent avec un sourire et un geste de complicit\u00e9 : ils pensent exactement la m\u00eame chose. Soudain, Emilio a commenc\u00e9 \u00e0 esquisser des id\u00e9es sur ce que serait une rencontre hivernale dans les Pyr\u00e9n\u00e9es. Le lieu, bien s\u00fbr, est tout trouv\u00e9 : il s&rsquo;agit d&rsquo;Arguis. C&rsquo;\u00e9tait le lieu id\u00e9al pour une telle rencontre.      <\/p>\n<p>Un beau village de montagne nich\u00e9 entre les montagnes, avec un microclimat vraiment glacial et travers\u00e9 par la route la plus c\u00e9l\u00e8bre du motocyclisme espagnol, \u00ab\u00a0Oliva (de Casa Lafoz) va s\u00fbrement nous aider\u00a0\u00bb. <\/p>\n<h6><strong>Voici \u00e0 quoi ressemblait Arguis en 1974<\/strong><\/h6>\n<p>Arguis, travers\u00e9 par l&rsquo;ancienne route du Puerto de Monrep\u00f3s, \u00e9tait \u00e0 l&rsquo;\u00e9poque le sanctuaire du motocyclisme espagnol et un point de r\u00e9f\u00e9rence pour le tourisme dans les Pyr\u00e9n\u00e9es. \u00c0 son architecture typique couronn\u00e9e de belles <em>Chamineras<\/em> avec des \u00e9pouvantails, au son des cloches des vaches en p\u00e2ture, aux reflets du lac et aux <em>Bordas <\/em>parsemant les champs s&rsquo;ajoutait la route locale sinueuse du col de Monrep\u00f3s, d&rsquo;une extr\u00eame beaut\u00e9, cauchemar des routiers et sanctuaire des motards, qui \u00e9tait bond\u00e9e tous les week-ends de motards montant et descendant <em>faire le Monrep\u00f3s <\/em>et manger des oeufs au jambon \u00e0 la Casa Lafoz. La route \u00e9tait travers\u00e9e par la plus grande concentration de tunnels d&rsquo;Espagne, le tunnel de <em>La Manzanera<\/em> se distinguant parmi eux, elle comptait plus de 300 virages dans son trac\u00e9 et des probl\u00e8mes bien connus dus \u00e0 la neige et au verglas en hiver, avec un col qui n\u00e9cessitait tr\u00e8s souvent des cha\u00eenes ou \u00e9tait ferm\u00e9 pendant tout l&rsquo;hiver. Dans ces ann\u00e9es-l\u00e0, le col de Bielsa n&rsquo;existait pas et le Portalet n&rsquo;ouvrait son bureau de douane qu&rsquo;en \u00e9t\u00e9, tandis que le gros du trafic vers les Pyr\u00e9n\u00e9es passait par les cols d&rsquo;Oroel et de Santa B\u00e1rbara (\u00e0 l&rsquo;\u00e9poque deux routes nationales) situ\u00e9s \u00e0 une altitude beaucoup plus basse et avec de meilleurs d\u00e9nivel\u00e9s. Pendant ce temps, Arguis \u00e9tait souvent bloqu\u00e9 par la neige.     <\/p>\n<p><a href=\"https:\/\/arguisold.monrepos.es\/wp-content\/uploads\/2023\/10\/35886584.jpg\" target=\"_blank\" rel=\"noopener\"><img decoding=\"async\" class=\"size-medium wp-image-1234 aligncenter\" src=\"https:\/\/arguis.monrepos.es\/wp-content\/uploads\/2024\/10\/35886584-300x177-1.jpg\" alt=\"\" width=\"300\" height=\"177\"><\/a><\/p>\n<p>\u00c0 l&rsquo;\u00e9poque, Arguis \u00e9tait l&rsquo;une des principales attractions touristiques de la province de Huesca. Ce n&rsquo;est pas pour rien que la d\u00e9funte <em>Obra Sindical de Educaci\u00f3n y Descanso<\/em>, appartenant \u00e0 la F.E.T., avait d\u00e9j\u00e0 construit dans les ann\u00e9es 1940 un splendide h\u00f4tel de montagne au pied du lac, appel\u00e9 \u00ab\u00a0Residencia Daniel Francoy\u00a0\u00bb, qui \u00e9tait devenu extr\u00eamement c\u00e9l\u00e8bre et o\u00f9 des milliers de familles de travailleurs de tout le pays passaient leurs vacances avec des excursions en bateau, de la p\u00eache, de la viande grill\u00e9e et des promenades bucoliques. \u00c0 ce b\u00e2timent s&rsquo;ajoutera l&rsquo;h\u00f4tel Capri et d&rsquo;autres \u00e9tablissements touristiques ouverts pour r\u00e9pondre \u00e0 l&rsquo;afflux croissant de touristes.  <\/p>\n<p>Entre-temps, au sanctuaire motocycliste de la Casa Lafoz s&rsquo;est ajout\u00e9e, en 1961, la premi\u00e8re auberge pour motocyclistes de l&rsquo;histoire de l&rsquo;Espagne, appel\u00e9e \u00ab\u00a0moto refugio San Cristobal\u00a0\u00bb, situ\u00e9e \u00e0 c\u00f4t\u00e9 de la route, qui a eu une vie plut\u00f4t \u00e9ph\u00e9m\u00e8re. Arguis avait \u00e9t\u00e9 une \u00e9tape r\u00e9guli\u00e8re pour les clubs de motards naissants, dont certains avaient une pr\u00e9sence plus ou moins stable. Pendant plusieurs ann\u00e9es, Monrep\u00f3s a \u00e9t\u00e9 l&rsquo;une des vedettes du c\u00e9l\u00e8bre Firestone Rallye, o\u00f9 se d\u00e9roulaient r\u00e9guli\u00e8rement des rallyes de moto, des courses de c\u00f4te et toutes sortes d&rsquo;\u00e9v\u00e9nements motoris\u00e9s. Il ne fait aucun doute qu&rsquo;\u00e0 cette \u00e9poque, Monrep\u00f3s \u00e9tait d\u00e9j\u00e0 la <em>capitale du<\/em> mototourisme espagnol.   <\/p>\n<h6><strong>Quand le faisons-nous ?<\/strong><\/h6>\n<p>Pour ce faire, nous avions besoin d&rsquo;une date hivernale embl\u00e9matique, o\u00f9 il ferait tr\u00e8s froid. \u00ab\u00a0Il a donc \u00e9t\u00e9 d\u00e9cid\u00e9 que la date id\u00e9ale serait le dernier week-end avant No\u00ebl, car dans ces ann\u00e9es de No\u00ebl solennel et traditionnel, il \u00e9tait courant de faire des voyages de No\u00ebl \u00e0 longue distance pour que toute la famille soit r\u00e9unie, et ce jusqu&rsquo;\u00e0 l&rsquo;\u00c9piphanie. Par cons\u00e9quent, la derni\u00e8re date \u00ab\u00a0op\u00e9rationnelle\u00a0\u00bb de l&rsquo;ann\u00e9e pour organiser un \u00e9v\u00e9nement \u00e9tait sans aucun doute le dernier week-end avant No\u00ebl.  <\/p>\n<h6><strong>La r\u00e9union de Barbastro<\/strong><\/h6>\n<p>Quelques semaines apr\u00e8s le fameux voyage de la Citro\u00ebn 2CV, l&rsquo;activit\u00e9 du Moto Club Pirineos et du Moto Club Turismo est fr\u00e9n\u00e9tique. L&rsquo;excitation est \u00e0 son comble lorsqu&rsquo;il s&rsquo;agit d&rsquo;organiser le premier meeting d&rsquo;hiver en Espagne. Antonio Ruata se souvient clairement : \u00ab\u00a0Une r\u00e9union des deux clubs a \u00e9t\u00e9 organis\u00e9e \u00e0 Barbastro pour d\u00e9finir les grandes lignes de ce qui allait \u00eatre la r\u00e9union d&rsquo;Arguis. Les membres du MCT ont quitt\u00e9 Saragosse le vendredi et je suis parti t\u00f4t le samedi matin. Nous \u00e9tions \u00e0 la fin de l&rsquo;automne 1974 et il restait environ un mois avant la r\u00e9union. Lors de cette r\u00e9union, ce qui allait devenir l&rsquo;Invernal a \u00e9t\u00e9 parfaitement d\u00e9fini. Ce week-end inoubliable, il y avait des gens comme Adolfo Angulo, Clemente Al\u00e9n, Paco de la Matilde, Jose Angel Card\u00f3s, Miguel Calvera \u00ab\u00a0el rubio\u00a0\u00bb, Javier Fern\u00e1ndez, Emilio Jeric\u00f3, el Gorras et moi-m\u00eame, probablement Mariano Remiro et Rafa Lombar et plusieurs autres de Barbastro. Je pense que quelqu&rsquo;un d&rsquo;Oloron est venu, car cette ann\u00e9e-l\u00e0 nous avons jumel\u00e9 les trois clubs, mais je ne me souviens pas si la c\u00e9r\u00e9monie \u00ab\u00a0officielle\u00a0\u00bb de jumelage a eu lieu ce jour-l\u00e0 ou si nous l&rsquo;avons faite \u00e0 Arguis\u00a0\u00bb. \u00ab\u00a0Le Moto Club d&rsquo;Oloron avec lequel nous nous sommes jumel\u00e9s en 1974, avec Th\u00e9o, Jean Paul et les gens qui sont maintenant dans les \u00ab\u00a0Culs Tannes\u00a0\u00bb, \u00e9taient vraiment plus que des fr\u00e8res et en ce qui concerne Arguis, pour des raisons \u00e9videntes de visas, ils ne pouvaient pas \u00eatre physiquement impliqu\u00e9s dans les pr\u00e9paratifs, couper et transporter le bois de chauffage ou commander les m\u00e9dailles, mais il est juste de dire qu&rsquo;ils \u00e9taient pratiquement une partie spirituelle et intellectuellement responsable de tout le processus d&rsquo;organisation et ont toujours \u00e9t\u00e9 une partie active de la journ\u00e9e quand elle a eu lieu. En fait, pour \u00eatre juste, ils faisaient partie de l&rsquo;organisation m\u00eame des Jeux d&rsquo;hiver et constituaient probablement le premier cas de collaboration internationale entre clubs en Europe.     <\/p>\n<h6><strong>Le jour arrive<\/strong><\/h6>\n<p>Il a finalement \u00e9t\u00e9 d\u00e9cid\u00e9 que ce serait les 14 et 15 d\u00e9cembre 1974, car \u00e0 cette \u00e9poque de mauvaises communications, les 21 et 22 \u00e9taient trop proches de la veille de No\u00ebl et il fallait s&rsquo;assurer que les habitants d&rsquo;Olor\u00f3n puissent rentrer chez eux. 13 degr\u00e9s en dessous de z\u00e9ro et une petite chute de neige ont accompagn\u00e9 une nuit inoubliable \u00e0 la Casa Lafoz et le sommeil qui s&rsquo;en est suivi dans les tentes. Antonio Ruata raconte : \u00ab\u00a0Le Monrep\u00f3s a \u00e9t\u00e9 tr\u00e8s difficile ce jour-l\u00e0, avec beaucoup de glace dans les tunnels et les zones ombrag\u00e9es, du gel et beaucoup de neige. \u00c0 partir de La Manzanera, c&rsquo;\u00e9tait impossible. C&rsquo;\u00e9tait vraiment fou de faire \u00e7a. Nous sommes descendus \u00e0 13 degr\u00e9s en dessous de z\u00e9ro, mais c&rsquo;\u00e9tait une journ\u00e9e inoubliable\u00a0\u00bb.  <\/p>\n<p><a href=\"https:\/\/arguis.monrepos.es\/wp-content\/uploads\/2024\/10\/AHM-F-315ret.jpg\"><img loading=\"lazy\" decoding=\"async\" class=\"size-medium wp-image-4196 aligncenter\" src=\"https:\/\/arguis.monrepos.es\/wp-content\/uploads\/2024\/10\/AHM-F-315ret-300x295.jpg\" alt=\"\" width=\"300\" height=\"295\" srcset=\"https:\/\/arguis.monrepos.es\/wp-content\/uploads\/2024\/10\/AHM-F-315ret-300x295.jpg 300w, https:\/\/arguis.monrepos.es\/wp-content\/uploads\/2024\/10\/AHM-F-315ret-768x756.jpg 768w, https:\/\/arguis.monrepos.es\/wp-content\/uploads\/2024\/10\/AHM-F-315ret-600x591.jpg 600w, https:\/\/arguis.monrepos.es\/wp-content\/uploads\/2024\/10\/AHM-F-315ret.jpg 912w\" sizes=\"(max-width: 300px) 100vw, 300px\" \/><\/a>Parmi les personnes historiques qui se sont r\u00e9unies, il y avait des membres du Moto Club Pirineos et du MCTZ, des noms inoubliables du motocyclisme national comme les deux d\u00e9j\u00e0 mentionn\u00e9s Emilio Molin\u00e9 et Clemente Al\u00e9n, ainsi que Rafael Lombar, Antonio Ruata, Javier Fern\u00e1ndez, Miguel Calvera, Theo et les amis du Moto Club d&rsquo;Olor\u00f3n et beaucoup d&rsquo;autres, ainsi qu&rsquo;Oliva et Antonio de Casa Lafoz qui ont pass\u00e9 la soir\u00e9e \u00e0 rire, \u00e0 passer l&rsquo;outre, \u00e0 chanter, \u00e0 faire des osselets, \u00e0 griller des c\u00f4tes et \u00e0 parler de voyages et de m\u00e9canique.<\/p>\n<p>Le lendemain, apr\u00e8s le d\u00e9jeuner et le <em>Monrep\u00f3s<\/em>, apr\u00e8s avoir tout remball\u00e9 et avec le bon go\u00fbt de la nuit, quelqu&rsquo;un dit : \u00ab\u00a0L&rsquo;<em>ann\u00e9e<\/em> prochaine <em>, nous recommencerons\u00a0\u00bb.<\/em><\/p>\n<p><em><br \/><\/em>Sans savoir qu&rsquo;ils \u00e9crivaient en lettres d&rsquo;or l&rsquo;histoire du motocyclisme europ\u00e9en, qu&rsquo;ils seraient une source d&rsquo;inspiration pour beaucoup et qu&rsquo;un demi-si\u00e8cle plus tard, leur h\u00e9ritage et leur m\u00e9moire resteraient immuables, gr\u00e2ce \u00e0 ces personnes, un \u00e9v\u00e9nement historique s&rsquo;est produit ce jour-l\u00e0 : le meeting d&rsquo;hiver d&rsquo;Arguis est n\u00e9.<\/p>\n<h6><strong>Voici comment il a \u00e9t\u00e9 organis\u00e9<\/strong><\/h6>\n<p>Comme Emilio Molin\u00e9 l&rsquo;a racont\u00e9 en riant il y a quelques ann\u00e9es, toute l&rsquo;organisation consistait \u00e0 parler au t\u00e9l\u00e9phone, \u00e0 envoyer des lettres d&rsquo;invitation \u00e0 des amis, \u00e0 aller chercher du bois dans les montagnes et \u00e0 se rendre (volontairement, car ce n&rsquo;\u00e9tait pas obligatoire, mais cela \u00e9vitait les malentendus) au gouvernement civil de Huesca pour faire enregistrer un document qui disait litt\u00e9ralement  <em>\u00ab\u00a0l&rsquo;Autorit\u00e9 sait qu&rsquo;une r\u00e9union de personnes \u00e0 des fins l\u00e9gitimes doit se tenir \u00e0 l&rsquo;heure et au lieu susmentionn\u00e9s\u00a0\u00bb.  <\/em>\u00c0 l&rsquo;\u00e9poque, faire du feu et camper n&rsquo;\u00e9tait pas r\u00e9glement\u00e9 et \u00e9tait libre tant que cela ne causait pas de tort \u00e0 qui que ce soit.<\/p>\n<p><strong>C&rsquo;est ainsi qu&rsquo;est n\u00e9e la r\u00e9union d&rsquo;hiver d&rsquo;Arguis.<\/strong><\/p>\n<p>La premi\u00e8re \u00e9tape de la R\u00e9union a \u00e9t\u00e9 caract\u00e9ris\u00e9e par une succession de fortes chutes de neige. En 1981, une \u00e9norme chute de neige a fortement compliqu\u00e9 l&rsquo;acc\u00e8s, de sorte que seul un tiers des participants a pu se rendre sur place. En 1982, une fois de plus, une chute de neige d&rsquo;anthologie a emp\u00each\u00e9 les organisateurs de monter la route, qui a \u00e9t\u00e9 compl\u00e8tement ferm\u00e9e \u00e0 la circulation. Seuls quelques participants parviennent \u00e0 se r\u00e9unir dans les salles de la Casa Lafoz, pour une \u00e9dition qui restera dans l&rsquo;histoire sous le nom d'\u00a0\u00bbArguis 82, la r\u00e9union fant\u00f4me\u00a0\u00bb.     <br \/>Historiquement, les fermetures de routes se sont produites avec une fr\u00e9quence moyenne d&rsquo;environ 10 \u00e9ditions, bien que les probl\u00e8mes d&rsquo;acc\u00e8s aient \u00e9t\u00e9 plus fr\u00e9quents, \u00e9tant g\u00e9n\u00e9ralis\u00e9s dans la premi\u00e8re \u00e9tape de l&rsquo;Invernal. Il n&rsquo;a plu que lors de deux \u00e9ditions : 1987 et 2019, la neige \u00e9tant le reste des pr\u00e9cipitations qui se sont produites \u00e0 Arguis tout au long de son histoire. <\/p>\n\t\t\t\t\t\t\t\t<\/div>\n\t\t\t\t<\/div>\n\t\t\t\t<\/div>\n\t\t\t\t\t<\/div>\n\t\t\t\t<\/div>\n\t\t<div class=\"elementor-element elementor-element-2d0e54e e-con-full e-flex e-con e-parent\" data-id=\"2d0e54e\" data-element_type=\"container\" data-settings=\"{&quot;background_background&quot;:&quot;classic&quot;,&quot;shape_divider_top&quot;:&quot;tilt&quot;,&quot;shape_divider_bottom&quot;:&quot;tilt&quot;}\">\n\t\t\t\t<div class=\"elementor-shape elementor-shape-top\" aria-hidden=\"true\" data-negative=\"false\">\n\t\t\t<svg xmlns=\"http:\/\/www.w3.org\/2000\/svg\" viewBox=\"0 0 1000 100\" preserveAspectRatio=\"none\">\n\t<path class=\"elementor-shape-fill\" d=\"M0,6V0h1000v100L0,6z\"\/>\n<\/svg>\t\t<\/div>\n\t\t\t\t<div class=\"elementor-shape elementor-shape-bottom\" aria-hidden=\"true\" data-negative=\"false\">\n\t\t\t<svg xmlns=\"http:\/\/www.w3.org\/2000\/svg\" viewBox=\"0 0 1000 100\" preserveAspectRatio=\"none\">\n\t<path class=\"elementor-shape-fill\" d=\"M0,6V0h1000v100L0,6z\"\/>\n<\/svg>\t\t<\/div>\n\t\t<div class=\"elementor-element elementor-element-5a63183 e-con-full e-flex e-con e-child\" data-id=\"5a63183\" data-element_type=\"container\">\n\t\t\t\t<div class=\"elementor-element elementor-element-f61f636 elementor-widget elementor-widget-heading\" data-id=\"f61f636\" data-element_type=\"widget\" data-widget_type=\"heading.default\">\n\t\t\t\t<div class=\"elementor-widget-container\">\n\t\t\t\t\t<h2 class=\"elementor-heading-title elementor-size-default\">50 ann\u00e9es au cours desquelles rien n'a chang\u00e9<\/h2>\t\t\t\t<\/div>\n\t\t\t\t<\/div>\n\t\t\t\t<\/div>\n\t\t\t\t<\/div>\n\t\t<div class=\"elementor-element elementor-element-4f807c7 e-con-full elementor-hidden-desktop elementor-hidden-tablet elementor-hidden-mobile e-flex e-con e-parent\" data-id=\"4f807c7\" data-element_type=\"container\" data-settings=\"{&quot;background_background&quot;:&quot;classic&quot;}\">\n\t\t<div class=\"elementor-element elementor-element-2e1c688 e-con-full e-flex e-con e-child\" data-id=\"2e1c688\" data-element_type=\"container\">\n\t\t\t\t<div class=\"elementor-element elementor-element-cbeeb95 elementor-widget elementor-widget-image\" data-id=\"cbeeb95\" data-element_type=\"widget\" data-widget_type=\"image.default\">\n\t\t\t\t<div class=\"elementor-widget-container\">\n\t\t\t\t\t\t\t\t\t\t\t\t\t\t\t<img loading=\"lazy\" decoding=\"async\" width=\"800\" height=\"600\" src=\"https:\/\/arguis.monrepos.es\/wp-content\/uploads\/2024\/10\/12360401_803798409765448_6561675750902269903_n.jpg\" class=\"attachment-full size-full wp-image-4258\" alt=\"\" srcset=\"https:\/\/arguis.monrepos.es\/wp-content\/uploads\/2024\/10\/12360401_803798409765448_6561675750902269903_n.jpg 800w, https:\/\/arguis.monrepos.es\/wp-content\/uploads\/2024\/10\/12360401_803798409765448_6561675750902269903_n-300x225.jpg 300w, https:\/\/arguis.monrepos.es\/wp-content\/uploads\/2024\/10\/12360401_803798409765448_6561675750902269903_n-768x576.jpg 768w, https:\/\/arguis.monrepos.es\/wp-content\/uploads\/2024\/10\/12360401_803798409765448_6561675750902269903_n-600x450.jpg 600w\" sizes=\"(max-width: 800px) 100vw, 800px\" \/>\t\t\t\t\t\t\t\t\t\t\t\t\t\t\t<\/div>\n\t\t\t\t<\/div>\n\t\t\t\t<\/div>\n\t\t<div class=\"elementor-element elementor-element-8d8414d e-con-full e-flex e-con e-child\" data-id=\"8d8414d\" data-element_type=\"container\" data-settings=\"{&quot;background_background&quot;:&quot;classic&quot;}\">\n\t\t\t\t<div class=\"elementor-element elementor-element-50a6794 elementor-widget elementor-widget-heading\" data-id=\"50a6794\" data-element_type=\"widget\" data-widget_type=\"heading.default\">\n\t\t\t\t<div class=\"elementor-widget-container\">\n\t\t\t\t\t<h6 class=\"elementor-heading-title elementor-size-default\">  Le compte \u00e0 rebours a commenc\u00e9<\/h6>\t\t\t\t<\/div>\n\t\t\t\t<\/div>\n\t\t\t\t<div class=\"elementor-element elementor-element-25398df elementor-align-center elementor-icon-list--layout-traditional elementor-list-item-link-full_width elementor-widget elementor-widget-icon-list\" data-id=\"25398df\" data-element_type=\"widget\" data-widget_type=\"icon-list.default\">\n\t\t\t\t<div class=\"elementor-widget-container\">\n\t\t\t\t\t\t\t<ul class=\"elementor-icon-list-items\">\n\t\t\t\t\t\t\t<li class=\"elementor-icon-list-item\">\n\t\t\t\t\t\t\t\t\t\t\t<span class=\"elementor-icon-list-icon\">\n\t\t\t\t\t\t\t<svg aria-hidden=\"true\" class=\"e-font-icon-svg e-fas-unlock-alt\" viewBox=\"0 0 448 512\" xmlns=\"http:\/\/www.w3.org\/2000\/svg\"><path d=\"M400 256H152V152.9c0-39.6 31.7-72.5 71.3-72.9 40-.4 72.7 32.1 72.7 72v16c0 13.3 10.7 24 24 24h32c13.3 0 24-10.7 24-24v-16C376 68 307.5-.3 223.5 0 139.5.3 72 69.5 72 153.5V256H48c-26.5 0-48 21.5-48 48v160c0 26.5 21.5 48 48 48h352c26.5 0 48-21.5 48-48V304c0-26.5-21.5-48-48-48zM264 408c0 22.1-17.9 40-40 40s-40-17.9-40-40v-48c0-22.1 17.9-40 40-40s40 17.9 40 40v48z\"><\/path><\/svg>\t\t\t\t\t\t<\/span>\n\t\t\t\t\t\t\t\t\t\t<span class=\"elementor-icon-list-text\">La p\u00e9riode d'inscription est ouverte jusqu'au 15 d\u00e9cembre.<\/span>\n\t\t\t\t\t\t\t\t\t<\/li>\n\t\t\t\t\t\t<\/ul>\n\t\t\t\t\t\t<\/div>\n\t\t\t\t<\/div>\n\t\t\t\t<div class=\"elementor-element elementor-element-8ae7c02 elementor-align-center elementor-widget elementor-widget-button\" data-id=\"8ae7c02\" data-element_type=\"widget\" data-widget_type=\"button.default\">\n\t\t\t\t<div class=\"elementor-widget-container\">\n\t\t\t\t\t\t\t\t\t<div class=\"elementor-button-wrapper\">\n\t\t\t\t\t<a class=\"elementor-button elementor-button-link elementor-size-sm\" href=\"https:\/\/arguis.monrepos.es\/fr\/reunion-dhiver-darguis-2\/page-de-saisie-des-donnees\/\">\n\t\t\t\t\t\t<span class=\"elementor-button-content-wrapper\">\n\t\t\t\t\t\t\t\t\t<span class=\"elementor-button-text\">S'INSCRIRE<\/span>\n\t\t\t\t\t<\/span>\n\t\t\t\t\t<\/a>\n\t\t\t\t<\/div>\n\t\t\t\t\t\t\t\t<\/div>\n\t\t\t\t<\/div>\n\t\t\t\t<\/div>\n\t\t\t\t<\/div>\n\t\t<div class=\"elementor-element elementor-element-6db0443 e-flex e-con-boxed e-con e-parent\" data-id=\"6db0443\" data-element_type=\"container\">\n\t\t\t\t\t<div class=\"e-con-inner\">\n\t\t\t\t<div class=\"elementor-element elementor-element-bdce203 elementor-widget elementor-widget-html\" data-id=\"bdce203\" data-element_type=\"widget\" data-widget_type=\"html.default\">\n\t\t\t\t<div class=\"elementor-widget-container\">\n\t\t\t\t\t<style>.eael-countdown-days {\n    display: inline-flex;\n}\n\nspan.eael-countdown-digits:before {\n    content: \"quedan \";\n    font-size: 36px;\n    color: #000000;\n}\n\n.counter-p {\n    text-align: center;\n    \n}\n\nspan.eael-countdown-label {\n    margin-left: 12px;\n    margin-top: 16px;\n}\n<\/style>\t\t\t\t<\/div>\n\t\t\t\t<\/div>\n\t\t\t\t\t<\/div>\n\t\t\t\t<\/div>\n\t\t\t\t<\/div>\n\t\t","protected":false},"excerpt":{"rendered":"<p>Historique de la r\u00e9union LE VILLAGE IRR\u00c9DUCTIBLE. Depuis 1974, il s&rsquo;agit de la plus ancienne r\u00e9union de motocyclistes en Espagne. Nous sommes \u00e0 l&rsquo;automne 1974. Dans la nuit froide, une Citro\u00ebn 2CV roule de Barbastro \u00e0 Saragosse sur la route N-240. \u00c0 l&rsquo;int\u00e9rieur, deux motards infatigables, qui deviendront des l\u00e9gendes, discutent avec animation : Clemente [&hellip;]<\/p>\n","protected":false},"author":4,"featured_media":0,"parent":0,"menu_order":0,"comment_status":"closed","ping_status":"closed","template":"","meta":{"site-sidebar-layout":"no-sidebar","site-content-layout":"page-builder","ast-site-content-layout":"full-width-container","site-content-style":"unboxed","site-sidebar-style":"unboxed","ast-global-header-display":"","ast-banner-title-visibility":"","ast-main-header-display":"","ast-hfb-above-header-display":"","ast-hfb-below-header-display":"","ast-hfb-mobile-header-display":"","site-post-title":"disabled","ast-breadcrumbs-content":"disabled","ast-featured-img":"disabled","footer-sml-layout":"","theme-transparent-header-meta":"enabled","adv-header-id-meta":"","stick-header-meta":"","header-above-stick-meta":"","header-main-stick-meta":"","header-below-stick-meta":"","astra-migrate-meta-layouts":"default","ast-page-background-enabled":"default","ast-page-background-meta":{"desktop":{"background-color":"","background-image":"","background-repeat":"repeat","background-position":"center center","background-size":"auto","background-attachment":"scroll","background-type":"","background-media":"","overlay-type":"","overlay-color":"","overlay-opacity":"","overlay-gradient":""},"tablet":{"background-color":"","background-image":"","background-repeat":"repeat","background-position":"center center","background-size":"auto","background-attachment":"scroll","background-type":"","background-media":"","overlay-type":"","overlay-color":"","overlay-opacity":"","overlay-gradient":""},"mobile":{"background-color":"","background-image":"","background-repeat":"repeat","background-position":"center center","background-size":"auto","background-attachment":"scroll","background-type":"","background-media":"","overlay-type":"","overlay-color":"","overlay-opacity":"","overlay-gradient":""}},"ast-content-background-meta":{"desktop":{"background-color":"var(--ast-global-color-5)","background-image":"","background-repeat":"repeat","background-position":"center center","background-size":"auto","background-attachment":"scroll","background-type":"","background-media":"","overlay-type":"","overlay-color":"","overlay-opacity":"","overlay-gradient":""},"tablet":{"background-color":"var(--ast-global-color-5)","background-image":"","background-repeat":"repeat","background-position":"center center","background-size":"auto","background-attachment":"scroll","background-type":"","background-media":"","overlay-type":"","overlay-color":"","overlay-opacity":"","overlay-gradient":""},"mobile":{"background-color":"var(--ast-global-color-5)","background-image":"","background-repeat":"repeat","background-position":"center center","background-size":"auto","background-attachment":"scroll","background-type":"","background-media":"","overlay-type":"","overlay-color":"","overlay-opacity":"","overlay-gradient":""}},"footnotes":""},"class_list":["post-5744","page","type-page","status-publish","hentry"],"_links":{"self":[{"href":"https:\/\/arguis.monrepos.es\/fr\/wp-json\/wp\/v2\/pages\/5744","targetHints":{"allow":["GET"]}}],"collection":[{"href":"https:\/\/arguis.monrepos.es\/fr\/wp-json\/wp\/v2\/pages"}],"about":[{"href":"https:\/\/arguis.monrepos.es\/fr\/wp-json\/wp\/v2\/types\/page"}],"author":[{"embeddable":true,"href":"https:\/\/arguis.monrepos.es\/fr\/wp-json\/wp\/v2\/users\/4"}],"replies":[{"embeddable":true,"href":"https:\/\/arguis.monrepos.es\/fr\/wp-json\/wp\/v2\/comments?post=5744"}],"version-history":[{"count":7,"href":"https:\/\/arguis.monrepos.es\/fr\/wp-json\/wp\/v2\/pages\/5744\/revisions"}],"predecessor-version":[{"id":6469,"href":"https:\/\/arguis.monrepos.es\/fr\/wp-json\/wp\/v2\/pages\/5744\/revisions\/6469"}],"wp:attachment":[{"href":"https:\/\/arguis.monrepos.es\/fr\/wp-json\/wp\/v2\/media?parent=5744"}],"curies":[{"name":"wp","href":"https:\/\/api.w.org\/{rel}","templated":true}]}}